{"id":162,"date":"2023-06-20T09:26:02","date_gmt":"2023-06-20T09:26:02","guid":{"rendered":"http:\/\/citt-humanidadesdigitales.madrimasd.org\/?page_id=162"},"modified":"2026-04-28T17:20:29","modified_gmt":"2026-04-28T17:20:29","slug":"noticias","status":"publish","type":"page","link":"https:\/\/citt-semiconductores.madrimasd.org\/index.php\/noticias\/","title":{"rendered":""},"content":{"rendered":"<div class=\"vce-row-container\" data-vce-boxed-width=\"true\"><div class=\"vce-row vce-row--col-gap-30 vce-row-equal-height vce-row-content--top\" id=\"el-bd37ae50\" data-vce-do-apply=\"all el-bd37ae50\"><div class=\"vce-content-background-container\"><\/div><div class=\"vce-row-content\" data-vce-element-content=\"true\"><div class=\"vce-col vce-col--md-auto vce-col--xs-1 vce-col--xs-last vce-col--xs-first vce-col--sm-last vce-col--sm-first vce-col--md-last vce-col--lg-last vce-col--xl-last vce-col--md-first vce-col--lg-first vce-col--xl-first\" id=\"el-dd075542\"><div class=\"vce-col-inner\" data-vce-do-apply=\"border margin background  el-dd075542\"><div class=\"vce-col-content\" data-vce-element-content=\"true\" data-vce-do-apply=\"padding el-dd075542\"><div class=\"vce-row-container\" data-vce-boxed-width=\"true\"><div class=\"vce-row vce-row--col-gap-30 vce-row-equal-height vce-row-content--top\" id=\"el-ec42ebcf\" data-vce-do-apply=\"all el-ec42ebcf\"><div class=\"vce-content-background-container\"><\/div><div class=\"vce-row-content\" data-vce-element-content=\"true\"><div class=\"vce-col vce-col--md-7p vce-col--xs-1 vce-col--xs-last vce-col--xs-first vce-col--sm-last vce-col--sm-first vce-col--md-first vce-col--lg-first vce-col--xl-first\" id=\"el-467b0a88\"><div class=\"vce-col-inner\" data-vce-do-apply=\"border margin background  el-467b0a88\"><div class=\"vce-col-content\" data-vce-element-content=\"true\" data-vce-do-apply=\"padding el-467b0a88\"><div class=\"vce-features vce-var-icon vce-features--style-filled-circle vce-features--size-tiny\" style=\"--iconAlignment: center; --iconColor: rgb(255, 255, 255); --iconColorHover: rgb(255, 255, 255); --shapeColor: rgb(184, 46, 36); --shapeColorHover: rgb(184, 46, 36); --linkColorHover: rgb(165,41,32);\"><div id=\"el-0a1beb37\" class=\"vce vce-features-icon-wrapper\" data-vce-do-apply=\"all el-0a1beb37\"><div class=\"vce-features--icon vce-icon\"><svg xmlns=\"https:\/\/www.w3.org\/2000\/svg\" viewBox=\"0 0 769 769\"><path stroke-width=\"25\" d=\"M565.755 696.27h-360l-180-311.77 180-311.77h360l180 311.77z\"><\/path><\/svg><span class=\"vce-icon-container fas fa-hand-point-up\"><\/span><\/div><\/div><\/div><\/div><\/div><\/div><div class=\"vce-col vce-col--md-55p vce-col--xs-1 vce-col--xs-last vce-col--xs-first vce-col--sm-last vce-col--sm-first\" id=\"el-6a5d52a4\"><div class=\"vce-col-inner\" data-vce-do-apply=\"border margin background  el-6a5d52a4\"><div class=\"vce-col-content\" data-vce-element-content=\"true\" data-vce-do-apply=\"padding el-6a5d52a4\"><div class=\"vce-text-block\"><div class=\"vce-text-block-wrapper vce\" id=\"el-95796600\" data-vce-do-apply=\"all el-95796600\"><h2><strong><span style=\"font-size: 14pt; font-style: normal;\">Haz clic en las im\u00e1genes para ampliar la informaci\u00f3n<\/span><\/strong><\/h2><\/div><\/div><\/div><\/div><\/div><div class=\"vce-col vce-col--md-13p vce-col--xs-1 vce-col--xs-last vce-col--xs-first vce-col--sm-last vce-col--sm-first\" id=\"el-a330eb8e\"><div class=\"vce-col-inner\" data-vce-do-apply=\"border margin background  el-a330eb8e\"><div class=\"vce-col-content\" data-vce-element-content=\"true\" data-vce-do-apply=\"padding el-a330eb8e\"><div><\/div><\/div><\/div><\/div><div class=\"vce-col vce-col--md-auto vce-col--xs-1 vce-col--xs-last vce-col--xs-first vce-col--sm-last vce-col--sm-first vce-col--md-last vce-col--lg-last vce-col--xl-last\" id=\"el-9bf30445\"><div class=\"vce-col-inner\" data-vce-do-apply=\"border margin background  el-9bf30445\"><div class=\"vce-col-content\" data-vce-element-content=\"true\" data-vce-do-apply=\"padding el-9bf30445\"><div><\/div><\/div><\/div><\/div><\/div><\/div><\/div><\/div><\/div><\/div><\/div><\/div><\/div><div class=\"vce-row-container\" data-vce-boxed-width=\"true\"><div class=\"vce-row vce-row--col-gap-30 vce-row-equal-height vce-row-content--top\" id=\"el-b477465c\" data-vce-do-apply=\"all el-b477465c\"><div class=\"vce-content-background-container\"><\/div><div class=\"vce-row-content\" data-vce-element-content=\"true\"><div class=\"vce-col vce-col--md-33p vce-col--xs-1 vce-col--xs-last vce-col--xs-first vce-col--sm-last vce-col--sm-first vce-col--md-first vce-col--lg-first vce-col--xl-first\" id=\"el-585fb893\"><div class=\"vce-col-inner\" data-vce-do-apply=\"border margin background  el-585fb893\"><div class=\"vce-col-content\" data-vce-element-content=\"true\" data-vce-do-apply=\"padding el-585fb893\"><div><\/div><\/div><\/div><\/div><div class=\"vce-col vce-col--md-34p vce-col--xs-1 vce-col--xs-last vce-col--xs-first vce-col--sm-last vce-col--sm-first\" id=\"el-825f73f7\"><div class=\"vce-col-inner\" data-vce-do-apply=\"border margin background  el-825f73f7\"><div class=\"vce-col-content\" data-vce-element-content=\"true\" data-vce-do-apply=\"padding el-825f73f7\"><div class=\"vce-single-image-container vce-single-image--align-center\"><div class=\"vce vce-single-image-wrapper\" id=\"el-76d6de4b\" data-vce-do-apply=\"all el-76d6de4b\"><figure><div class=\"vce-single-image-figure-inner\" style=\"width: 300px;\"><a href=\"https:\/\/www.linkedin.com\/posts\/citt-semiconductores_fundaciaejnmadrimasd-cittbiomedicina-cittabrsemiconductores-activity-7432738180971503616-5_-q?utm_source=share&amp;utm_medium=member_desktop&amp;rcm=ACoAADkxZR4BseIMu_x8XWBIi7lnkrQOYl9zAUE\" title=\"\" class=\"vce-single-image-inner vce-single-image--absolute vce-single-image--border-rounded\" style=\"width: 100%; padding-bottom: 56%;\"><img loading=\"lazy\" decoding=\"async\" class=\"vce-single-image\"  width=\"300\" height=\"168\" srcset=\"https:\/\/citt-semiconductores.madrimasd.org\/wp-content\/uploads\/2026\/04\/1776342621859-300x169.png 300w, https:\/\/citt-semiconductores.madrimasd.org\/wp-content\/uploads\/2026\/04\/1776342621859-320x180.png 320w, https:\/\/citt-semiconductores.madrimasd.org\/wp-content\/uploads\/2026\/04\/1776342621859-480x270.png 480w, https:\/\/citt-semiconductores.madrimasd.org\/wp-content\/uploads\/2026\/04\/1776342621859-800x450.png 800w, https:\/\/citt-semiconductores.madrimasd.org\/wp-content\/uploads\/2026\/04\/1776342621859-600x336.png 2x\" src=\"https:\/\/citt-semiconductores.madrimasd.org\/wp-content\/uploads\/2026\/04\/1776342621859-300x169.png\" data-img-src=\"https:\/\/citt-semiconductores.madrimasd.org\/wp-content\/uploads\/2026\/04\/1776342621859.png\" data-attachment-id=\"2710\"  alt=\"Litograf\u00eda, el arte invisible que define el futuro de los chips\" title=\"1776342621859\" \/><\/a><\/div><figcaption hidden=\"\"><\/figcaption><\/figure><\/div><\/div><div class=\"vce-faq-toggle vce-faq-toggle-color--fff vce-faq-toggle-shape-color--b-184-46-36 vce-faq-toggle-shape--rounded\"><div class=\"vce-faq-toggle-wrapper vce\" id=\"el-d9151630\" data-vce-do-apply=\"margin padding border background  el-d9151630\"><div class=\"vce-faq-toggle-inner\"><div class=\"vce-faq-toggle-title\"><h6 class=\"vce-faq-toggle-title-text\" aria-controls=\"faqToggle-d9151630\" aria-expanded=\"false\"><i class=\"vce-faq-toggle-icon\"><\/i>Litograf\u00eda, el arte invisible que define el futuro de los chipstalento especializado: clave para el futuro de los semiconductores<\/h6><\/div><div class=\"vce-faq-toggle-text-block\" role=\"region\" id=\"faqToggle-d9151630\"><p><span class=\"break-words\n          tvm-parent-container\"><span dir=\"ltr\">\ud83d\udd39 La litograf\u00eda: el coraz\u00f3n invisible de la soberan\u00eda tecnol\u00f3gica europea \ud83d\udd39<br><br>\ud83d\udce2 Compartimos con mucho inter\u00e9s el art\u00edculo \u201cLitograf\u00eda, el arte invisible que define el futuro de los chips\u201d de <a id=\"ember41\" class=\"ember-view\" tabindex=\"0\" href=\"https:\/\/www.linkedin.com\/in\/ignacio-m%C3%A1rtil-de-la-plaza\/\">Ignacio M\u00e1rtil de la Plaza<\/a>, Catedr\u00e1tico de electr\u00f3nica en la Universidad Complutense de Madrid, una reflexi\u00f3n imprescindible para comprender d\u00f3nde se juega realmente el futuro de la industria de los semiconductores.<br><br>\ud83d\udca1 Cuando hablamos de chips, solemos pensar en dise\u00f1o, fabricaci\u00f3n o aplicaciones finales, pero pocas veces se pone el foco en la litograf\u00eda: la tecnolog\u00eda cr\u00edtica que permite \u201cdibujar\u201d los circuitos sobre el silicio y que determina, en gran medida, la capacidad tecnol\u00f3gica de una regi\u00f3n.<br><br>\ud83c\uddea\ud83c\uddfa Europa necesita reforzar su posici\u00f3n en este \u00e1mbito si quiere reducir su dependencia externa y avanzar hacia una verdadera autonom\u00eda estrat\u00e9gica. La soberan\u00eda digital no se construye solo con dise\u00f1o de chips, sino tambi\u00e9n dominando los procesos m\u00e1s complejos y de mayor valor a\u00f1adido de la cadena.<br><br>\u2699\ufe0f La litograf\u00eda avanzada representa conocimiento, capacidad industrial, inversi\u00f3n y visi\u00f3n a largo plazo. Es, sin duda, uno de los grandes retos \u2014y tambi\u00e9n una gran oportunidad\u2014 para el ecosistema europeo.<br><br>\ud83d\ude80 Desde el CITT de Semiconductores seguimos impulsando la conexi\u00f3n entre industria, talento, innovaci\u00f3n y estrategia para que Madrid y Espa\u00f1a tengan un papel relevante en esta transformaci\u00f3n.<br><br>\u26a1 Porque el futuro de Europa tambi\u00e9n se escribe en nan\u00f3metros.<\/span><\/span><\/p><\/div><\/div><\/div><\/div><\/div><\/div><\/div><div class=\"vce-col vce-col--md-auto vce-col--xs-1 vce-col--xs-last vce-col--xs-first vce-col--sm-last vce-col--sm-first vce-col--md-last vce-col--lg-last vce-col--xl-last\" id=\"el-ebf8fb0e\"><div class=\"vce-col-inner\" data-vce-do-apply=\"border margin background  el-ebf8fb0e\"><div class=\"vce-col-content\" data-vce-element-content=\"true\" data-vce-do-apply=\"padding el-ebf8fb0e\"><div class=\"vce-single-image-container vce-single-image--align-center\"><div class=\"vce vce-single-image-wrapper\" id=\"el-71c3d6fd\" data-vce-do-apply=\"all el-71c3d6fd\"><figure><div class=\"vce-single-image-figure-inner\" style=\"width: 300px;\"><a href=\"https:\/\/www.linkedin.com\/posts\/citt-semiconductores_fundaciaejnmadrimasd-cittbiomedicina-cittabrsemiconductores-activity-7432738180971503616-5_-q?utm_source=share&amp;utm_medium=member_desktop&amp;rcm=ACoAADkxZR4BseIMu_x8XWBIi7lnkrQOYl9zAUE\" title=\"\" class=\"vce-single-image-inner vce-single-image--absolute vce-single-image--border-rounded\" style=\"width: 100%; padding-bottom: 56%;\"><img loading=\"lazy\" decoding=\"async\" class=\"vce-single-image\"  width=\"300\" height=\"168\" srcset=\"https:\/\/citt-semiconductores.madrimasd.org\/wp-content\/uploads\/2026\/04\/Semiconductores-en-Europa-hacia-una-politica-industrial-estructural-y-orientada-al-futuro-300x169.png 300w, https:\/\/citt-semiconductores.madrimasd.org\/wp-content\/uploads\/2026\/04\/Semiconductores-en-Europa-hacia-una-politica-industrial-estructural-y-orientada-al-futuro-320x180.png 320w, https:\/\/citt-semiconductores.madrimasd.org\/wp-content\/uploads\/2026\/04\/Semiconductores-en-Europa-hacia-una-politica-industrial-estructural-y-orientada-al-futuro-480x270.png 480w, https:\/\/citt-semiconductores.madrimasd.org\/wp-content\/uploads\/2026\/04\/Semiconductores-en-Europa-hacia-una-politica-industrial-estructural-y-orientada-al-futuro-800x450.png 800w, https:\/\/citt-semiconductores.madrimasd.org\/wp-content\/uploads\/2026\/04\/Semiconductores-en-Europa-hacia-una-politica-industrial-estructural-y-orientada-al-futuro-600x336.png 2x\" src=\"https:\/\/citt-semiconductores.madrimasd.org\/wp-content\/uploads\/2026\/04\/Semiconductores-en-Europa-hacia-una-politica-industrial-estructural-y-orientada-al-futuro-300x169.png\" data-img-src=\"https:\/\/citt-semiconductores.madrimasd.org\/wp-content\/uploads\/2026\/04\/Semiconductores-en-Europa-hacia-una-politica-industrial-estructural-y-orientada-al-futuro.png\" data-attachment-id=\"2708\"  alt=\"Semiconductores en Europa: hacia una pol\u00edtica industrial estructural y orientada al futuro.\" title=\"Semiconductores en Europa hacia una pol\u00edtica industrial estructural y orientada al futuro\" \/><\/a><\/div><figcaption hidden=\"\"><\/figcaption><\/figure><\/div><\/div><div class=\"vce-faq-toggle vce-faq-toggle-color--fff vce-faq-toggle-shape-color--b-184-46-36 vce-faq-toggle-shape--rounded\"><div class=\"vce-faq-toggle-wrapper vce\" id=\"el-e88589de\" data-vce-do-apply=\"margin padding border background  el-e88589de\"><div class=\"vce-faq-toggle-inner\"><div class=\"vce-faq-toggle-title\"><h6 class=\"vce-faq-toggle-title-text\" aria-controls=\"faqToggle-e88589de\" aria-expanded=\"false\"><i class=\"vce-faq-toggle-icon\"><\/i>Semiconductores en Europa: hacia una pol\u00edtica industrial estructural y orientada al futuro.<\/h6><\/div><div class=\"vce-faq-toggle-text-block\" role=\"region\" id=\"faqToggle-e88589de\"><p><span class=\"break-words\n          tvm-parent-container\"><span dir=\"ltr\">Europa afronta un momento decisivo en el \u00e1mbito de los semiconductores.<br><br>El impulso del Chips Act 2.0 no es una evoluci\u00f3n incremental, sino un cambio de enfoque hacia una pol\u00edtica industrial m\u00e1s estructurada, ambiciosa y orientada a la demanda.<br><br>En un contexto de creciente competencia global, la capacidad de Europa para ejecutar con rapidez, escala y coordinaci\u00f3n ser\u00e1 determinante.<br><br>Este art\u00edculo profundiza en las claves del informe liderado por Mar\u00eda Marced y en los retos estrat\u00e9gicos que marcar\u00e1n el futuro del sector.<\/span><\/span><\/p><\/div><\/div><\/div><\/div><\/div><\/div><\/div><\/div><\/div><\/div><div class=\"vce-row-container\" data-vce-boxed-width=\"true\"><div class=\"vce-row vce-row--col-gap-30 vce-row-equal-height vce-row-content--top\" id=\"el-514c8ec0\" data-vce-do-apply=\"all el-514c8ec0\"><div class=\"vce-content-background-container\"><\/div><div class=\"vce-row-content\" data-vce-element-content=\"true\"><div class=\"vce-col vce-col--md-33p vce-col--xs-1 vce-col--xs-last vce-col--xs-first vce-col--sm-last vce-col--sm-first vce-col--md-first vce-col--lg-first vce-col--xl-first\" id=\"el-80483ccd\"><div class=\"vce-col-inner\" data-vce-do-apply=\"border margin background  el-80483ccd\"><div class=\"vce-col-content\" data-vce-element-content=\"true\" data-vce-do-apply=\"padding el-80483ccd\"><div class=\"vce-single-image-container vce-single-image--align-center\"><div class=\"vce vce-single-image-wrapper\" id=\"el-3a670f8c\" data-vce-do-apply=\"all el-3a670f8c\"><figure><div class=\"vce-single-image-figure-inner\" style=\"width: 300px;\"><a href=\"https:\/\/www.linkedin.com\/posts\/citt-semiconductores_fundaciaejnmadrimasd-cittbiomedicina-cittabrsemiconductores-activity-7432738180971503616-5_-q?utm_source=share&amp;utm_medium=member_desktop&amp;rcm=ACoAADkxZR4BseIMu_x8XWBIi7lnkrQOYl9zAUE\" title=\"\" class=\"vce-single-image-inner vce-single-image--absolute vce-single-image--border-rounded\" style=\"width: 100%; padding-bottom: 66.3333%;\"><img loading=\"lazy\" decoding=\"async\" class=\"vce-single-image\"  width=\"300\" height=\"199\" srcset=\"https:\/\/citt-semiconductores.madrimasd.org\/wp-content\/uploads\/2026\/04\/Conectar-talento-para-transformar-la-innovacion-300x199.jpg 300w, https:\/\/citt-semiconductores.madrimasd.org\/wp-content\/uploads\/2026\/04\/Conectar-talento-para-transformar-la-innovacion-320x213.jpg 320w, https:\/\/citt-semiconductores.madrimasd.org\/wp-content\/uploads\/2026\/04\/Conectar-talento-para-transformar-la-innovacion-480x319.jpg 480w, https:\/\/citt-semiconductores.madrimasd.org\/wp-content\/uploads\/2026\/04\/Conectar-talento-para-transformar-la-innovacion-800x531.jpg 800w, https:\/\/citt-semiconductores.madrimasd.org\/wp-content\/uploads\/2026\/04\/Conectar-talento-para-transformar-la-innovacion-600x398.jpg 2x\" src=\"https:\/\/citt-semiconductores.madrimasd.org\/wp-content\/uploads\/2026\/04\/Conectar-talento-para-transformar-la-innovacion-300x199.jpg\" data-img-src=\"https:\/\/citt-semiconductores.madrimasd.org\/wp-content\/uploads\/2026\/04\/Conectar-talento-para-transformar-la-innovacion.jpg\" data-attachment-id=\"2706\"  alt=\"Conectar talento para transformar la innovaci\u00f3n\" title=\"Conectar talento para transformar la innovaci\u00f3n\" \/><\/a><\/div><figcaption hidden=\"\"><\/figcaption><\/figure><\/div><\/div><div class=\"vce-faq-toggle vce-faq-toggle-color--fff vce-faq-toggle-shape-color--b-184-46-36 vce-faq-toggle-shape--rounded\"><div class=\"vce-faq-toggle-wrapper vce\" id=\"el-45c96aec\" data-vce-do-apply=\"margin padding border background  el-45c96aec\"><div class=\"vce-faq-toggle-inner\"><div class=\"vce-faq-toggle-title\"><h6 class=\"vce-faq-toggle-title-text\" aria-controls=\"faqToggle-45c96aec\" aria-expanded=\"false\"><i class=\"vce-faq-toggle-icon\"><\/i>Conectar talento para transformar la innovaci\u00f3n<\/h6><\/div><div class=\"vce-faq-toggle-text-block\" role=\"region\" id=\"faqToggle-45c96aec\"><p><span class=\"break-words\n          tvm-parent-container\"><span dir=\"ltr\">\ud83e\udde0 Capital Humano en la era de la automatizaci\u00f3n<br><br>\ud83d\udcca El informe Megatrends 2026 de <a class=\"xwxVfcRwnBUeGipgoiZPeKPJMrvzgAVqE \" tabindex=\"0\" href=\"https:\/\/www.linkedin.com\/company\/fundacion-innovaci-n-bankinter\/\" target=\"_self\" data-test-app-aware-link=\"\">Fundaci\u00f3n Innovaci\u00f3n Bankinter<\/a> deja claro que en plena aceleraci\u00f3n tecnol\u00f3gica el talento es el factor decisivo y la verdadera ventaja competitiva en la nueva econom\u00eda debe incluir el componente humano.<br><br>\ud83e\udd16 En un contexto en el que la inteligencia artificial deja de ser una herramienta para convertirse en infraestructura transversal de la sociedad y la industria, el reto no es \u00fanicamente desarrollar tecnolog\u00eda, sino contar con las personas capaces de entenderla, aplicarla y transformarla en valor.<br><br>\ud83d\udd17 Ah\u00ed es donde cobra sentido el trabajo de los CITT de la <a class=\"xwxVfcRwnBUeGipgoiZPeKPJMrvzgAVqE \" tabindex=\"0\" href=\"https:\/\/www.linkedin.com\/company\/fundaci-n-madri-d\/\" target=\"_self\" data-test-app-aware-link=\"\">Fundaci\u00f3n para el Conocimiento madri+d<\/a> de la <a class=\"xwxVfcRwnBUeGipgoiZPeKPJMrvzgAVqE \" tabindex=\"0\" href=\"https:\/\/www.linkedin.com\/company\/comunidad-de-madrid\/\" target=\"_self\" data-test-app-aware-link=\"\">Comunidad de Madrid<\/a> que conectan investigaci\u00f3n, emprendimiento y talento porque la innovaci\u00f3n real ocurre cuando se alinean:<br>\ud83d\udd39 Conocimiento cient\u00edfico generado en universidades y centros de investigaci\u00f3n<br>\ud83d\udd39 Capacidad empresarial para convertirlo en soluciones y mercado<br>\ud83d\udd39 Talento especializado capaz de moverse entre ambos mundos<br>\ud83d\ude80 Los desaf\u00edos tecnol\u00f3gicos que dibuja el informe \u2014 desde la IA aut\u00f3noma hasta la biotecnolog\u00eda, las infraestructuras inteligentes y la tecnolog\u00edas del espacio \u2014 exigen nuevos perfiles h\u00edbridos que combinen ciencia, tecnolog\u00eda, pensamiento cr\u00edtico y visi\u00f3n estrat\u00e9gica.<br><br>\ud83c\udfaf En este contexto, atraer, formar y conectar talento innovador se convierte en una prioridad para cualquier ecosistema de innovaci\u00f3n.<br><br>Los CITT y los cl\u00fasteres impulsados por <a class=\"xwxVfcRwnBUeGipgoiZPeKPJMrvzgAVqE \" tabindex=\"0\" href=\"https:\/\/www.linkedin.com\/company\/fundaci-n-madri-d\/\" target=\"_self\" data-test-app-aware-link=\"\">Fundaci\u00f3n para el Conocimiento madri+d<\/a> cumplen precisamente ese papel:<br>\u27a1\ufe0f activar redes de conocimiento<br>\u27a1\ufe0f acercar ciencia y empresa<br>\u27a1\ufe0f acelerar la transferencia tecnol\u00f3gica<br>\u27a1\ufe0f crear comunidades de talento capaces de liderar la pr\u00f3xima ola de innovaci\u00f3n<br><br>\ud83c\udf0d En \u00faltima instancia, la innovaci\u00f3n no la hacen las tecnolog\u00edas, la hacen las personas que saben utilizarlas para transformar el futuro.<br><br>\ud83d\udd17 Descubre c\u00f3mo los CITT est\u00e1n conectando el talento del futuro y \u00fanete a nuestro ecosistema de innovaci\u00f3n: <a class=\"xwxVfcRwnBUeGipgoiZPeKPJMrvzgAVqE \" tabindex=\"0\" href=\"https:\/\/www.madrimasd.org\/\" target=\"_self\" data-test-app-aware-link=\"\">https:\/\/www.madrimasd.org\/<\/a><\/span><\/span><\/p><\/div><\/div><\/div><\/div><\/div><\/div><\/div><div class=\"vce-col vce-col--md-34p vce-col--xs-1 vce-col--xs-last vce-col--xs-first vce-col--sm-last vce-col--sm-first\" id=\"el-9870ba8b\"><div class=\"vce-col-inner\" data-vce-do-apply=\"border margin background  el-9870ba8b\"><div class=\"vce-col-content\" data-vce-element-content=\"true\" data-vce-do-apply=\"padding el-9870ba8b\"><div class=\"vce-single-image-container vce-single-image--align-center\"><div class=\"vce vce-single-image-wrapper\" id=\"el-6dc85aed\" data-vce-do-apply=\"all el-6dc85aed\"><figure><div class=\"vce-single-image-figure-inner\" style=\"width: 300px;\"><a href=\"https:\/\/www.linkedin.com\/posts\/citt-semiconductores_fundaciaejnmadrimasd-cittbiomedicina-cittabrsemiconductores-activity-7432738180971503616-5_-q?utm_source=share&amp;utm_medium=member_desktop&amp;rcm=ACoAADkxZR4BseIMu_x8XWBIi7lnkrQOYl9zAUE\" title=\"\" class=\"vce-single-image-inner vce-single-image--absolute vce-single-image--border-rounded\" style=\"width: 100%; padding-bottom: 66.3333%;\"><img loading=\"lazy\" decoding=\"async\" class=\"vce-single-image\"  width=\"300\" height=\"199\" srcset=\"https:\/\/citt-semiconductores.madrimasd.org\/wp-content\/uploads\/2026\/04\/Desarrollar-talento-especializado-clave-para-el-futuro-de-los-semiconductores-300x199.jpg 300w, https:\/\/citt-semiconductores.madrimasd.org\/wp-content\/uploads\/2026\/04\/Desarrollar-talento-especializado-clave-para-el-futuro-de-los-semiconductores-320x213.jpg 320w, https:\/\/citt-semiconductores.madrimasd.org\/wp-content\/uploads\/2026\/04\/Desarrollar-talento-especializado-clave-para-el-futuro-de-los-semiconductores-480x319.jpg 480w, https:\/\/citt-semiconductores.madrimasd.org\/wp-content\/uploads\/2026\/04\/Desarrollar-talento-especializado-clave-para-el-futuro-de-los-semiconductores-800x531.jpg 800w, https:\/\/citt-semiconductores.madrimasd.org\/wp-content\/uploads\/2026\/04\/Desarrollar-talento-especializado-clave-para-el-futuro-de-los-semiconductores-600x398.jpg 2x\" src=\"https:\/\/citt-semiconductores.madrimasd.org\/wp-content\/uploads\/2026\/04\/Desarrollar-talento-especializado-clave-para-el-futuro-de-los-semiconductores-300x199.jpg\" data-img-src=\"https:\/\/citt-semiconductores.madrimasd.org\/wp-content\/uploads\/2026\/04\/Desarrollar-talento-especializado-clave-para-el-futuro-de-los-semiconductores.jpg\" data-attachment-id=\"2703\"  alt=\"Desarrollar talento especializado: clave para el futuro de los semiconductores\" title=\"Desarrollar talento especializado clave para el futuro de los semiconductores\" \/><\/a><\/div><figcaption hidden=\"\"><\/figcaption><\/figure><\/div><\/div><div class=\"vce-faq-toggle vce-faq-toggle-color--fff vce-faq-toggle-shape-color--b-184-46-36 vce-faq-toggle-shape--rounded\"><div class=\"vce-faq-toggle-wrapper vce\" id=\"el-c66e7dd9\" data-vce-do-apply=\"margin padding border background  el-c66e7dd9\"><div class=\"vce-faq-toggle-inner\"><div class=\"vce-faq-toggle-title\"><h6 class=\"vce-faq-toggle-title-text\" aria-controls=\"faqToggle-c66e7dd9\" aria-expanded=\"false\"><i class=\"vce-faq-toggle-icon\"><\/i>Desarrollar talento especializado: clave para el futuro de los semiconductores<\/h6><\/div><div class=\"vce-faq-toggle-text-block\" role=\"region\" id=\"faqToggle-c66e7dd9\"><p><span class=\"break-words\n          tvm-parent-container\"><span dir=\"ltr\">\ud83c\udf93 Impulsando talento especializado en semiconductores desde la colaboraci\u00f3n universidad-empresa<br><br>El ecosistema madrile\u00f1o de innovaci\u00f3n da un nuevo paso con la segunda edici\u00f3n de las microcredenciales universitarias en semiconductores, impulsadas por la <a class=\"xwxVfcRwnBUeGipgoiZPeKPJMrvzgAVqE \" tabindex=\"0\" href=\"https:\/\/www.linkedin.com\/company\/universidadcomplutense\/\" target=\"_self\" data-test-app-aware-link=\"\">Universidad Complutense de Madrid<\/a> (UCM) en colaboraci\u00f3n con la empresa tecnol\u00f3gica <a class=\"xwxVfcRwnBUeGipgoiZPeKPJMrvzgAVqE \" tabindex=\"0\" href=\"https:\/\/www.linkedin.com\/company\/openchip-software-technologies\/\" target=\"_self\" data-test-app-aware-link=\"\">Openchip &amp; Software Technologies<\/a>.<br><br>Las microcredenciales representan un ejemplo de cooperaci\u00f3n efectiva entre universidad y sector empresarial para responder a una necesidad estrat\u00e9gica: formar talento altamente especializado en tecnolog\u00edas clave para el futuro digital de Europa.<br><br>Desde el <a class=\"xwxVfcRwnBUeGipgoiZPeKPJMrvzgAVqE \" tabindex=\"0\" href=\"https:\/\/www.linkedin.com\/company\/citt-semiconductores\/\" target=\"_self\" data-test-app-aware-link=\"\">CITT Semiconductores<\/a> de la <a class=\"xwxVfcRwnBUeGipgoiZPeKPJMrvzgAVqE \" tabindex=\"0\" href=\"https:\/\/www.linkedin.com\/company\/fundaci-n-madri-d\/\" target=\"_self\" data-test-app-aware-link=\"\">Fundaci\u00f3n para el Conocimiento madri+d<\/a> de la <a class=\"xwxVfcRwnBUeGipgoiZPeKPJMrvzgAVqE \" tabindex=\"0\" href=\"https:\/\/www.linkedin.com\/company\/comunidad-de-madrid\/\" target=\"_self\" data-test-app-aware-link=\"\">Comunidad de Madrid<\/a>, hemos tenido la oportunidad de conectar a <a class=\"xwxVfcRwnBUeGipgoiZPeKPJMrvzgAVqE \" tabindex=\"0\" href=\"https:\/\/www.linkedin.com\/company\/openchip-software-technologies\/\" target=\"_self\" data-test-app-aware-link=\"\">Openchip &amp; Software Technologies<\/a> y la <a class=\"xwxVfcRwnBUeGipgoiZPeKPJMrvzgAVqE \" tabindex=\"0\" href=\"https:\/\/www.linkedin.com\/company\/universidadcomplutense\/\" target=\"_self\" data-test-app-aware-link=\"\">Universidad Complutense de Madrid<\/a> generando una iniciativa de formaci\u00f3n que conecta conocimiento acad\u00e9mico, experiencia industrial y demanda real de capacidades tecnol\u00f3gicas.<br><br>El resultado es un programa formativo orientado a capacidades avanzadas en dise\u00f1o y verificaci\u00f3n de hardware, que fortalece el desarrollo del talento en un \u00e1mbito clave para el ecosistema tecnol\u00f3gico europeo.<br><br>\ud83d\udcda M\u00e1s informaci\u00f3n sobre las microcredenciales:<br>\u2022 <a class=\"xwxVfcRwnBUeGipgoiZPeKPJMrvzgAVqE \" tabindex=\"0\" href=\"https:\/\/lnkd.in\/eytxdEVF\" target=\"_self\" data-test-app-aware-link=\"\">https:\/\/lnkd.in\/eytxdEVF<\/a><br>\u2022 <a class=\"xwxVfcRwnBUeGipgoiZPeKPJMrvzgAVqE \" tabindex=\"0\" href=\"https:\/\/lnkd.in\/esgkyBzP\" target=\"_self\" data-test-app-aware-link=\"\">https:\/\/lnkd.in\/esgkyBzP<\/a><br><br>Desde el <a class=\"xwxVfcRwnBUeGipgoiZPeKPJMrvzgAVqE \" tabindex=\"0\" href=\"https:\/\/www.linkedin.com\/company\/citt-semiconductores\/\" target=\"_self\" data-test-app-aware-link=\"\">CITT Semiconductores<\/a> seguimos trabajando para conectar actores del ecosistema, impulsar colaboraciones estrat\u00e9gicas y reforzar el desarrollo de talento en tecnolog\u00edas profundas, contribuyendo as\u00ed al fortalecimiento del sector de los semiconductores en Madrid y en Europa.<\/span><\/span><\/p><\/div><\/div><\/div><\/div><\/div><\/div><\/div><div class=\"vce-col vce-col--md-auto vce-col--xs-1 vce-col--xs-last vce-col--xs-first vce-col--sm-last vce-col--sm-first vce-col--md-last vce-col--lg-last vce-col--xl-last\" id=\"el-7ba25486\"><div class=\"vce-col-inner\" data-vce-do-apply=\"border margin background  el-7ba25486\"><div class=\"vce-col-content\" data-vce-element-content=\"true\" data-vce-do-apply=\"padding el-7ba25486\"><div class=\"vce-single-image-container vce-single-image--align-center\"><div class=\"vce vce-single-image-wrapper\" id=\"el-1efc2aec\" data-vce-do-apply=\"all el-1efc2aec\"><figure><div class=\"vce-single-image-figure-inner\" style=\"width: 300px;\"><a href=\"https:\/\/www.linkedin.com\/posts\/citt-semiconductores_fundaciaejnmadrimasd-cittbiomedicina-cittabrsemiconductores-activity-7432738180971503616-5_-q?utm_source=share&amp;utm_medium=member_desktop&amp;rcm=ACoAADkxZR4BseIMu_x8XWBIi7lnkrQOYl9zAUE\" title=\"\" class=\"vce-single-image-inner vce-single-image--absolute vce-single-image--border-rounded\" style=\"width: 100%; padding-bottom: 66.3333%;\"><img loading=\"lazy\" decoding=\"async\" class=\"vce-single-image\"  width=\"300\" height=\"199\" srcset=\"https:\/\/citt-semiconductores.madrimasd.org\/wp-content\/uploads\/2026\/04\/Impulsar-la-computacion-hibrida-clave-para-la-innovacion-del-manana-300x199.jpg 300w, https:\/\/citt-semiconductores.madrimasd.org\/wp-content\/uploads\/2026\/04\/Impulsar-la-computacion-hibrida-clave-para-la-innovacion-del-manana-320x213.jpg 320w, https:\/\/citt-semiconductores.madrimasd.org\/wp-content\/uploads\/2026\/04\/Impulsar-la-computacion-hibrida-clave-para-la-innovacion-del-manana-480x319.jpg 480w, https:\/\/citt-semiconductores.madrimasd.org\/wp-content\/uploads\/2026\/04\/Impulsar-la-computacion-hibrida-clave-para-la-innovacion-del-manana-800x531.jpg 800w, https:\/\/citt-semiconductores.madrimasd.org\/wp-content\/uploads\/2026\/04\/Impulsar-la-computacion-hibrida-clave-para-la-innovacion-del-manana-600x398.jpg 2x\" src=\"https:\/\/citt-semiconductores.madrimasd.org\/wp-content\/uploads\/2026\/04\/Impulsar-la-computacion-hibrida-clave-para-la-innovacion-del-manana-300x199.jpg\" data-img-src=\"https:\/\/citt-semiconductores.madrimasd.org\/wp-content\/uploads\/2026\/04\/Impulsar-la-computacion-hibrida-clave-para-la-innovacion-del-manana.jpg\" data-attachment-id=\"2701\"  alt=\"Impulsar la computaci\u00f3n h\u00edbrida: clave para la innovaci\u00f3n del ma\u00f1ana\" title=\"Impulsar la computaci\u00f3n h\u00edbrida clave para la innovaci\u00f3n del ma\u00f1ana\" \/><\/a><\/div><figcaption hidden=\"\"><\/figcaption><\/figure><\/div><\/div><div class=\"vce-faq-toggle vce-faq-toggle-color--fff vce-faq-toggle-shape-color--b-184-46-36 vce-faq-toggle-shape--rounded\"><div class=\"vce-faq-toggle-wrapper vce\" id=\"el-24ee6681\" data-vce-do-apply=\"margin padding border background  el-24ee6681\"><div class=\"vce-faq-toggle-inner\"><div class=\"vce-faq-toggle-title\"><h6 class=\"vce-faq-toggle-title-text\" aria-controls=\"faqToggle-24ee6681\" aria-expanded=\"false\"><i class=\"vce-faq-toggle-icon\"><\/i>Impulsar la computaci\u00f3n h\u00edbrida: clave para la innovaci\u00f3n del ma\u00f1ana<\/h6><\/div><div class=\"vce-faq-toggle-text-block\" role=\"region\" id=\"faqToggle-24ee6681\"><p><span class=\"break-words\n          tvm-parent-container\"><span dir=\"ltr\">\u269b\ufe0f La pr\u00f3xima revoluci\u00f3n inform\u00e1tica ser\u00e1 h\u00edbrida: cu\u00e1ntica y basada en semiconductores.<br><br>El informe Megatrends 2026 de <a class=\"xwxVfcRwnBUeGipgoiZPeKPJMrvzgAVqE \" tabindex=\"0\" href=\"https:\/\/www.linkedin.com\/company\/fundacion-innovaci-n-bankinter\/\" target=\"_self\" data-test-app-aware-link=\"\">Fundaci\u00f3n Innovaci\u00f3n Bankinter<\/a> identifica en la tendencia \"AVANCES CU\u00c1NTICOS: la convergencia con los semiconductores para computar la realidad\" c\u00f3mo el cruce entre computaci\u00f3n cu\u00e1ntica y tecnolog\u00edas de semiconductores permitir\u00e1 abordar problemas cient\u00edficos e industriales hoy imposibles de resolver. <br><br>Los chips avanzados siguen siendo el coraz\u00f3n de la infraestructura digital, desde la inteligencia artificial hasta la computaci\u00f3n de alto rendimiento.<br><br>En este escenario, el <a class=\"xwxVfcRwnBUeGipgoiZPeKPJMrvzgAVqE \" tabindex=\"0\" href=\"https:\/\/www.linkedin.com\/company\/citt-semiconductores\/\" target=\"_self\" data-test-app-aware-link=\"\">CITT Semiconductores<\/a> de la <a class=\"xwxVfcRwnBUeGipgoiZPeKPJMrvzgAVqE \" tabindex=\"0\" href=\"https:\/\/www.linkedin.com\/company\/fundaci-n-madri-d\/\" target=\"_self\" data-test-app-aware-link=\"\">Fundaci\u00f3n para el Conocimiento madri+d<\/a> impulsa la colaboraci\u00f3n entre:<br>\ud83d\udd2c investigaci\u00f3n cient\u00edfica<br>\ud83c\udfed industria microelectr\u00f3nica<br>\ud83d\udca1 startups deep tech<br>\ud83d\udcca transferencia tecnol\u00f3gica<br><br>El objetivo es claro: fortalecer el ecosistema de innovaci\u00f3n en microelectr\u00f3nica, una tecnolog\u00eda estrat\u00e9gica para la autonom\u00eda tecnol\u00f3gica y la competitividad global.<br><br>Porque sin chips no hay inteligencia artificial, ni computaci\u00f3n cu\u00e1ntica, ni econom\u00eda digital.<br><br>M\u00e1s informaci\u00f3n <a class=\"xwxVfcRwnBUeGipgoiZPeKPJMrvzgAVqE \" tabindex=\"0\" href=\"https:\/\/lnkd.in\/e2vjE4PH\" target=\"_self\" data-test-app-aware-link=\"\">https:\/\/lnkd.in\/e2vjE4PH<\/a><\/span><\/span><\/p><\/div><\/div><\/div><\/div><\/div><\/div><\/div><\/div><\/div><\/div><div class=\"vce-row-container\" data-vce-boxed-width=\"true\"><div class=\"vce-row vce-row--col-gap-30 vce-row-equal-height vce-row-content--top\" id=\"el-3a3c7645\" data-vce-do-apply=\"all el-3a3c7645\"><div class=\"vce-content-background-container\"><\/div><div class=\"vce-row-content\" data-vce-element-content=\"true\"><div class=\"vce-col vce-col--md-33p vce-col--xs-1 vce-col--xs-last vce-col--xs-first vce-col--sm-last vce-col--sm-first vce-col--md-first vce-col--lg-first vce-col--xl-first\" id=\"el-8141b1b9\"><div class=\"vce-col-inner\" data-vce-do-apply=\"border margin background  el-8141b1b9\"><div class=\"vce-col-content\" data-vce-element-content=\"true\" data-vce-do-apply=\"padding el-8141b1b9\"><div class=\"vce-single-image-container vce-single-image--align-center\"><div class=\"vce vce-single-image-wrapper\" id=\"el-4f57811b\" data-vce-do-apply=\"all el-4f57811b\"><figure><div class=\"vce-single-image-figure-inner\" style=\"width: 300px;\"><a href=\"https:\/\/www.linkedin.com\/posts\/citt-semiconductores_fundaciaejnmadrimasd-cittbiomedicina-cittabrsemiconductores-activity-7432738180971503616-5_-q?utm_source=share&amp;utm_medium=member_desktop&amp;rcm=ACoAADkxZR4BseIMu_x8XWBIi7lnkrQOYl9zAUE\" title=\"\" class=\"vce-single-image-inner vce-single-image--absolute vce-single-image--border-rounded\" style=\"width: 100%; padding-bottom: 66.3333%;\"><img loading=\"lazy\" decoding=\"async\" class=\"vce-single-image\"  width=\"300\" height=\"199\" srcset=\"https:\/\/citt-semiconductores.madrimasd.org\/wp-content\/uploads\/2026\/04\/Impulsamos-el-futuro-del-chip-ArXiTEC-se-une-al-CITT-Semiconductores-300x199.jpg 300w, https:\/\/citt-semiconductores.madrimasd.org\/wp-content\/uploads\/2026\/04\/Impulsamos-el-futuro-del-chip-ArXiTEC-se-une-al-CITT-Semiconductores-320x213.jpg 320w, https:\/\/citt-semiconductores.madrimasd.org\/wp-content\/uploads\/2026\/04\/Impulsamos-el-futuro-del-chip-ArXiTEC-se-une-al-CITT-Semiconductores-480x319.jpg 480w, https:\/\/citt-semiconductores.madrimasd.org\/wp-content\/uploads\/2026\/04\/Impulsamos-el-futuro-del-chip-ArXiTEC-se-une-al-CITT-Semiconductores-800x531.jpg 800w, https:\/\/citt-semiconductores.madrimasd.org\/wp-content\/uploads\/2026\/04\/Impulsamos-el-futuro-del-chip-ArXiTEC-se-une-al-CITT-Semiconductores-600x398.jpg 2x\" src=\"https:\/\/citt-semiconductores.madrimasd.org\/wp-content\/uploads\/2026\/04\/Impulsamos-el-futuro-del-chip-ArXiTEC-se-une-al-CITT-Semiconductores-300x199.jpg\" data-img-src=\"https:\/\/citt-semiconductores.madrimasd.org\/wp-content\/uploads\/2026\/04\/Impulsamos-el-futuro-del-chip-ArXiTEC-se-une-al-CITT-Semiconductores.jpg\" data-attachment-id=\"2698\"  alt=\"Impulsamos el futuro del chip: ArXiTEC se une al CITT Semiconductores\" title=\"Impulsamos el futuro del chip ArXiTEC se une al CITT Semiconductores\" \/><\/a><\/div><figcaption hidden=\"\"><\/figcaption><\/figure><\/div><\/div><div class=\"vce-faq-toggle vce-faq-toggle-color--fff vce-faq-toggle-shape-color--b-184-46-36 vce-faq-toggle-shape--rounded\"><div class=\"vce-faq-toggle-wrapper vce\" id=\"el-cdad768d\" data-vce-do-apply=\"margin padding border background  el-cdad768d\"><div class=\"vce-faq-toggle-inner\"><div class=\"vce-faq-toggle-title\"><h6 class=\"vce-faq-toggle-title-text\" aria-controls=\"faqToggle-cdad768d\" aria-expanded=\"false\"><i class=\"vce-faq-toggle-icon\"><\/i>Impulsamos el futuro del chip: ArXiTEC se une al CITT Semiconductores<\/h6><\/div><div class=\"vce-faq-toggle-text-block\" role=\"region\" id=\"faqToggle-cdad768d\"><p><span class=\"break-words\n          tvm-parent-container\"><span dir=\"ltr\">\ud83d\ude80 Damos la bienvenida a <a class=\"xwxVfcRwnBUeGipgoiZPeKPJMrvzgAVqE \" tabindex=\"0\" href=\"https:\/\/www.linkedin.com\/company\/arxitec\/\" target=\"_self\" data-test-app-aware-link=\"\">ArXiTEC microDevices<\/a> a la Asociaci\u00f3n del <a class=\"xwxVfcRwnBUeGipgoiZPeKPJMrvzgAVqE \" tabindex=\"0\" href=\"https:\/\/www.linkedin.com\/company\/citt-semiconductores\/\" target=\"_self\" data-test-app-aware-link=\"\">CITT Semiconductores<\/a><br><br>Desde el <a class=\"xwxVfcRwnBUeGipgoiZPeKPJMrvzgAVqE \" tabindex=\"0\" href=\"https:\/\/www.linkedin.com\/company\/citt-semiconductores\/\" target=\"_self\" data-test-app-aware-link=\"\">CITT Semiconductores<\/a> de la <a class=\"xwxVfcRwnBUeGipgoiZPeKPJMrvzgAVqE \" tabindex=\"0\" href=\"https:\/\/www.linkedin.com\/company\/fundaci-n-madri-d\/\" target=\"_self\" data-test-app-aware-link=\"\">Fundaci\u00f3n para el Conocimiento madri+d<\/a> celebramos la incorporaci\u00f3n de <a class=\"xwxVfcRwnBUeGipgoiZPeKPJMrvzgAVqE \" tabindex=\"0\" href=\"https:\/\/www.linkedin.com\/company\/arxitec\/\" target=\"_self\" data-test-app-aware-link=\"\">ArXiTEC microDevices<\/a> como nuevo miembro de nuestra Asociaci\u00f3n.<br><br>Su llegada refuerza de forma estrat\u00e9gica nuestra nueva estructura, aportando capacidades avanzadas en microelectr\u00f3nica y arquitecturas Computers-on-Chip, un \u00e1mbito clave para acelerar la transferencia tecnol\u00f3gica y la aplicaci\u00f3n industrial de soluciones Deep Tech.<br><br><a class=\"xwxVfcRwnBUeGipgoiZPeKPJMrvzgAVqE \" tabindex=\"0\" href=\"https:\/\/www.linkedin.com\/company\/arxitec\/\" target=\"_self\" data-test-app-aware-link=\"\">ArXiTEC microDevices<\/a> destaca por simplificar la complejidad del hardware mediante integraci\u00f3n heterog\u00e9nea (System-in-Package, SiP), facilitando tanto la investigaci\u00f3n de vanguardia como su despliegue en entornos reales. Entre sus competencias clave se encuentran:<br><br>\ud83d\udd39 Dise\u00f1o de IPs para ARM y RISC-V en ASICs y FPGAs<br>\ud83d\udd39 Integraci\u00f3n heterog\u00e9nea y System-in-Package (SiP)<br>\ud83d\udd39 Ciberseguridad hardware y navegaci\u00f3n GNSS<br>\ud83d\udd39 Sistemas cr\u00edticos (safety) para automoci\u00f3n<br>\ud83d\udd39 Computaci\u00f3n neurom\u00f3rfica y Edge AI<br><br>Su portfolio de computadores completos en un chip \u2014 orientado a aplicaciones de bajo coste, GNSS autenticado e inteligencia artificial \u2014 y su apuesta por entornos de desarrollo No Code representan un impulso a la democratizaci\u00f3n del dise\u00f1o electr\u00f3nico avanzado para los departamentos de I+D de los sectores m\u00e1s punteros.<br><br>Contar con <a class=\"xwxVfcRwnBUeGipgoiZPeKPJMrvzgAVqE \" tabindex=\"0\" href=\"https:\/\/www.linkedin.com\/company\/arxitec\/\" target=\"_self\" data-test-app-aware-link=\"\">ArXiTEC microDevices<\/a> fortalece nuestro ecosistema colaborativo y ampl\u00eda las oportunidades de proyectos conjuntos, multi-project wafer runs y desarrollo de soluciones Deep Tech con impacto real.<br><br>Bienvenidos a la Asociaci\u00f3n. Estamos convencidos de que juntos aceleraremos la innovaci\u00f3n en semiconductores desde Madrid hacia Europa.<br><br>\ud83d\udc49 Descubre m\u00e1s sobre nuestras capacidades y c\u00f3mo unirte al ecosistema aqu\u00ed: <a class=\"xwxVfcRwnBUeGipgoiZPeKPJMrvzgAVqE \" tabindex=\"0\" href=\"https:\/\/arxitec.com\/\" target=\"_self\" data-test-app-aware-link=\"\">https:\/\/arxitec.com\/<\/a><\/span><\/span><\/p><\/div><\/div><\/div><\/div><\/div><\/div><\/div><div class=\"vce-col vce-col--md-34p vce-col--xs-1 vce-col--xs-last vce-col--xs-first vce-col--sm-last vce-col--sm-first\" id=\"el-b8d774c1\"><div class=\"vce-col-inner\" data-vce-do-apply=\"border margin background  el-b8d774c1\"><div class=\"vce-col-content\" data-vce-element-content=\"true\" data-vce-do-apply=\"padding el-b8d774c1\"><div class=\"vce-single-image-container vce-single-image--align-center\"><div class=\"vce vce-single-image-wrapper\" id=\"el-97638293\" data-vce-do-apply=\"all el-97638293\"><figure><div class=\"vce-single-image-figure-inner\" style=\"width: 300px;\"><a href=\"https:\/\/www.linkedin.com\/posts\/citt-semiconductores_fundaciaejnmadrimasd-cittbiomedicina-cittabrsemiconductores-activity-7432738180971503616-5_-q?utm_source=share&amp;utm_medium=member_desktop&amp;rcm=ACoAADkxZR4BseIMu_x8XWBIi7lnkrQOYl9zAUE\" title=\"\" class=\"vce-single-image-inner vce-single-image--absolute vce-single-image--border-rounded\" style=\"width: 100%; padding-bottom: 66.3333%;\"><img loading=\"lazy\" decoding=\"async\" class=\"vce-single-image\"  width=\"300\" height=\"199\" srcset=\"https:\/\/citt-semiconductores.madrimasd.org\/wp-content\/uploads\/2026\/04\/Madrid-se-posiciona-impulso-al-liderazgo-europeo-en-semiconductores-e1777395392221-300x199.jpg 300w, https:\/\/citt-semiconductores.madrimasd.org\/wp-content\/uploads\/2026\/04\/Madrid-se-posiciona-impulso-al-liderazgo-europeo-en-semiconductores-e1777395392221-320x213.jpg 320w, https:\/\/citt-semiconductores.madrimasd.org\/wp-content\/uploads\/2026\/04\/Madrid-se-posiciona-impulso-al-liderazgo-europeo-en-semiconductores-e1777395392221-480x319.jpg 480w, https:\/\/citt-semiconductores.madrimasd.org\/wp-content\/uploads\/2026\/04\/Madrid-se-posiciona-impulso-al-liderazgo-europeo-en-semiconductores-e1777395392221-800x531.jpg 800w, https:\/\/citt-semiconductores.madrimasd.org\/wp-content\/uploads\/2026\/04\/Madrid-se-posiciona-impulso-al-liderazgo-europeo-en-semiconductores-e1777395392221-600x398.jpg 2x\" src=\"https:\/\/citt-semiconductores.madrimasd.org\/wp-content\/uploads\/2026\/04\/Madrid-se-posiciona-impulso-al-liderazgo-europeo-en-semiconductores-e1777395392221-300x199.jpg\" data-img-src=\"https:\/\/citt-semiconductores.madrimasd.org\/wp-content\/uploads\/2026\/04\/Madrid-se-posiciona-impulso-al-liderazgo-europeo-en-semiconductores-e1777395392221.jpg\" data-attachment-id=\"2696\"  alt=\"Madrid se posiciona: impulso al liderazgo europeo en semiconductores\" title=\"Madrid se posiciona impulso al liderazgo europeo en semiconductores\" \/><\/a><\/div><figcaption hidden=\"\"><\/figcaption><\/figure><\/div><\/div><div class=\"vce-faq-toggle vce-faq-toggle-color--fff vce-faq-toggle-shape-color--b-184-46-36 vce-faq-toggle-shape--rounded\"><div class=\"vce-faq-toggle-wrapper vce\" id=\"el-65ca4cb6\" data-vce-do-apply=\"margin padding border background  el-65ca4cb6\"><div class=\"vce-faq-toggle-inner\"><div class=\"vce-faq-toggle-title\"><h6 class=\"vce-faq-toggle-title-text\" aria-controls=\"faqToggle-65ca4cb6\" aria-expanded=\"false\"><i class=\"vce-faq-toggle-icon\"><\/i>Madrid se posiciona: impulso al liderazgo europeo en semiconductores<\/h6><\/div><div class=\"vce-faq-toggle-text-block\" role=\"region\" id=\"faqToggle-65ca4cb6\"><p><span class=\"break-words\n          tvm-parent-container\"><span dir=\"ltr\">El debate sobre la Ley Europea de Chips (ECA)&nbsp;est\u00e1 m\u00e1s vivo que nunca. El objetivo de alcanzar el 20% de la cuota de mercado mundial para 2030 es ambicioso, pero como se\u00f1ala este reciente an\u00e1lisis de <a class=\"xwxVfcRwnBUeGipgoiZPeKPJMrvzgAVqE \" tabindex=\"0\" href=\"https:\/\/www.linkedin.com\/company\/cincodias\/\" target=\"_self\" data-test-app-aware-link=\"\">Cinco D\u00edas<\/a>, el camino est\u00e1 lleno de retos estructurales y de inversi\u00f3n.<br><br>Desde el <a class=\"xwxVfcRwnBUeGipgoiZPeKPJMrvzgAVqE \" tabindex=\"0\" href=\"https:\/\/www.linkedin.com\/company\/citt-semiconductores\/\" target=\"_self\" data-test-app-aware-link=\"\">CITT Semiconductores<\/a> de la <a class=\"xwxVfcRwnBUeGipgoiZPeKPJMrvzgAVqE \" tabindex=\"0\" href=\"https:\/\/www.linkedin.com\/company\/comunidad-de-madrid\/\" target=\"_self\" data-test-app-aware-link=\"\">Comunidad de Madrid<\/a>, seguimos de cerca esta evoluci\u00f3n con una conclusi\u00f3n clara: la autonom\u00eda estrat\u00e9gica no consiste en replicar lo que otros ya dominan, sino en liderar donde somos diferenciales.<br><br>\u00bfCu\u00e1les son las claves para Europa (y para Madrid)?<br>1\ufe0f\u20e3 Nichos estrat\u00e9gicos:&nbsp;No se trata de competir con <a class=\"xwxVfcRwnBUeGipgoiZPeKPJMrvzgAVqE \" tabindex=\"0\" href=\"https:\/\/www.linkedin.com\/company\/tsmc\/\" target=\"_self\" data-test-app-aware-link=\"\">TSMC<\/a> en nodos avanzados para m\u00f3viles. El valor real para nuestra industria est\u00e1 en los nodos maduros, chips anal\u00f3gicos y de potencia, esenciales para sectores donde Espa\u00f1a es fuerte: automoci\u00f3n, gesti\u00f3n energ\u00e9tica y defensa.<br>2\ufe0f\u20e3 M\u00e1s que fabricaci\u00f3n, Dise\u00f1o y Materiales:&nbsp;Como apunta Adigital, Europa puede liderar en la parte alta de la cadena de valor: el dise\u00f1o y el desarrollo de materiales avanzados que reduzcan la dependencia exterior.<br>3\ufe0f\u20e3 Colaboraci\u00f3n P\u00fablico-Privada:&nbsp;El capital privado en Deep Tech&nbsp;a\u00fan tiene margen de crecimiento respecto a los fondos p\u00fablicos. Necesitamos ecosistemas que agilicen la transferencia tecnol\u00f3gica del laboratorio a la f\u00e1brica.<br><br>\ud83d\udccd En Madrid, a trav\u00e9s del <a class=\"xwxVfcRwnBUeGipgoiZPeKPJMrvzgAVqE \" tabindex=\"0\" href=\"https:\/\/www.linkedin.com\/company\/citt-semiconductores\/\" target=\"_self\" data-test-app-aware-link=\"\">CITT Semiconductores<\/a>, trabajamos para conectar precisamente esos puntos: talento investigador, infraestructura de vanguardia y tejido empresarial, para que la regi\u00f3n sea un habilitador clave de la innovaci\u00f3n global en semiconductores.<br><br>La pregunta que lanza <a id=\"ember42\" class=\"ember-view\" tabindex=\"0\" href=\"https:\/\/www.linkedin.com\/in\/agabarrong\/\">Alfonso Gabarr\u00f3n Gonz\u00e1lez<\/a>\u00f3n (<a class=\"xwxVfcRwnBUeGipgoiZPeKPJMrvzgAVqE \" tabindex=\"0\" href=\"https:\/\/www.linkedin.com\/company\/asociaci%C3%B3n-espa%C3%B1ola-de-la-industria-de-semiconductores\/\" target=\"_self\" data-test-app-aware-link=\"\">Asociaci\u00f3n Espa\u00f1ola de la Industria de Semiconductores - AESEMI<\/a>) es fundamental: \u00bfHasta d\u00f3nde estamos dispuestos a ceder en la guerra por los semiconductores?<br><br>Nosotros lo tenemos claro: apostar por la autonom\u00eda estrat\u00e9gica abierta&nbsp;y los sectores de alto impacto regional.<br><br>\ud83d\udd17 Lee el an\u00e1lisis completo aqu\u00ed: <a class=\"xwxVfcRwnBUeGipgoiZPeKPJMrvzgAVqE \" tabindex=\"0\" href=\"https:\/\/lnkd.in\/eGPjxhjy\" target=\"_self\" data-test-app-aware-link=\"\">https:\/\/lnkd.in\/eGPjxhjy<\/a><\/span><\/span><\/p><\/div><\/div><\/div><\/div><\/div><\/div><\/div><div class=\"vce-col vce-col--md-auto vce-col--xs-1 vce-col--xs-last vce-col--xs-first vce-col--sm-last vce-col--sm-first vce-col--md-last vce-col--lg-last vce-col--xl-last\" id=\"el-7f5a495f\"><div class=\"vce-col-inner\" data-vce-do-apply=\"border margin background  el-7f5a495f\"><div class=\"vce-col-content\" data-vce-element-content=\"true\" data-vce-do-apply=\"padding el-7f5a495f\"><div class=\"vce-single-image-container vce-single-image--align-center\"><div class=\"vce vce-single-image-wrapper\" id=\"el-04e1a601\" data-vce-do-apply=\"all el-04e1a601\"><figure><div class=\"vce-single-image-figure-inner\" style=\"width: 300px;\"><a href=\"https:\/\/www.linkedin.com\/posts\/citt-semiconductores_fundaciaejnmadrimasd-cittbiomedicina-cittabrsemiconductores-activity-7432738180971503616-5_-q?utm_source=share&amp;utm_medium=member_desktop&amp;rcm=ACoAADkxZR4BseIMu_x8XWBIi7lnkrQOYl9zAUE\" title=\"\" class=\"vce-single-image-inner vce-single-image--absolute vce-single-image--border-rounded\" style=\"width: 100%; padding-bottom: 56%;\"><img loading=\"lazy\" decoding=\"async\" class=\"vce-single-image\"  width=\"300\" height=\"168\" srcset=\"https:\/\/citt-semiconductores.madrimasd.org\/wp-content\/uploads\/2026\/02\/Post-photo-300x169.jpg 300w, https:\/\/citt-semiconductores.madrimasd.org\/wp-content\/uploads\/2026\/02\/Post-photo-320x180.jpg 320w, https:\/\/citt-semiconductores.madrimasd.org\/wp-content\/uploads\/2026\/02\/Post-photo-480x270.jpg 480w, https:\/\/citt-semiconductores.madrimasd.org\/wp-content\/uploads\/2026\/02\/Post-photo-800x450.jpg 800w, https:\/\/citt-semiconductores.madrimasd.org\/wp-content\/uploads\/2026\/04\/Post-photo-scaled-600x336.jpg 2x\" src=\"https:\/\/citt-semiconductores.madrimasd.org\/wp-content\/uploads\/2026\/02\/Post-photo-300x169.jpg\" data-img-src=\"https:\/\/citt-semiconductores.madrimasd.org\/wp-content\/uploads\/2026\/02\/Post-photo-scaled.jpg\" data-attachment-id=\"2693\"  alt=\"\" title=\"Post photo\" \/><\/a><\/div><figcaption hidden=\"\"><\/figcaption><\/figure><\/div><\/div><div class=\"vce-faq-toggle vce-faq-toggle-color--fff vce-faq-toggle-shape-color--b-184-46-36 vce-faq-toggle-shape--rounded\"><div class=\"vce-faq-toggle-wrapper vce\" id=\"el-170c7113\" data-vce-do-apply=\"margin padding border background  el-170c7113\"><div class=\"vce-faq-toggle-inner\"><div class=\"vce-faq-toggle-title\"><h6 class=\"vce-faq-toggle-title-text\" aria-controls=\"faqToggle-170c7113\" aria-expanded=\"false\"><i class=\"vce-faq-toggle-icon\"><\/i>La imagen infrarroja como palanca de soberan\u00eda tecnol\u00f3gica europea<\/h6><\/div><div class=\"vce-faq-toggle-text-block\" role=\"region\" id=\"faqToggle-170c7113\"><p class=\"p1\">El Campus Puerta de Toledo (Madrid) acogi\u00f3 el 24 de febrero la jornada t\u00e9cnica \u201cImagen Infrarroja: Aplicaciones y perspectivas futuras\u201d, organizada por el LIR-Infrared Lab de la UC3M en colaboraci\u00f3n con SENSIA. El prop\u00f3sito: analizar la tecnolog\u00eda infrarroja (IR) como capacidad estrat\u00e9gica para la competitividad industrial y la seguridad nacional.<\/p>\n<p class=\"p1\">El director del CITT Semiconductores, Daniel Granados, particip\u00f3 con la ponencia <i>\u201cSoberan\u00eda tecnol\u00f3gica vs. autonom\u00eda estrat\u00e9gica en Deep Tech: la imagen infrarroja como palanca de acci\u00f3n\u201d.<\/i><i><\/i><\/p>\n<p class=\"p1\">Su intervenci\u00f3n situ\u00f3 el debate europeo a \u201c30.000 pies de altura\u201d\u2026 para aterrizarlo despu\u00e9s en datos muy concretos.<\/p>\n<p class=\"p1\">Granados record\u00f3 que Europa vive instalada en la llamada \u201cParadoja de la Reina Roja\u201d: <i>\u201cEl mundo se mueve tan r\u00e1pido que, si corres mucho, solo consigues quedarte en el mismo sitio. Para avanzar, hay que correr el doble de r\u00e1pido\u201d.<\/i><i><\/i><i><\/i><i><\/i><\/p><\/div><\/div><\/div><\/div><\/div><\/div><\/div><\/div><\/div><\/div><div class=\"vce-row-container\" data-vce-boxed-width=\"true\"><div class=\"vce-row vce-row--col-gap-30 vce-row-equal-height vce-row-content--top\" id=\"el-127f9c1e\" data-vce-do-apply=\"all el-127f9c1e\"><div class=\"vce-content-background-container\"><\/div><div class=\"vce-row-content\" data-vce-element-content=\"true\"><div class=\"vce-col vce-col--md-33p vce-col--xs-1 vce-col--xs-last vce-col--xs-first vce-col--sm-last vce-col--sm-first vce-col--md-first vce-col--lg-first vce-col--xl-first\" id=\"el-cf01d490\"><div class=\"vce-col-inner\" data-vce-do-apply=\"border margin background  el-cf01d490\"><div class=\"vce-col-content\" data-vce-element-content=\"true\" data-vce-do-apply=\"padding el-cf01d490\"><div class=\"vce-single-image-container vce-single-image--align-center\"><div class=\"vce vce-single-image-wrapper\" id=\"el-3217295c\" data-vce-do-apply=\"all el-3217295c\"><figure><div class=\"vce-single-image-figure-inner\" style=\"width: 300px;\"><a href=\"https:\/\/www.linkedin.com\/posts\/citt-semiconductores_imagen-infrarroja-aplicaciones-y-perspectivas-activity-7430574457297031168-tLAV?utm_source=share&amp;utm_medium=member_desktop&amp;rcm=ACoAADkxZR4BseIMu_x8XWBIi7lnkrQOYl9zAUE\" title=\"\" target=\"_blank\" class=\"vce-single-image-inner vce-single-image--absolute vce-single-image--border-rounded\" style=\"width: 100%; padding-bottom: 66.6667%;\"><img loading=\"lazy\" decoding=\"async\" class=\"vce-single-image\"  width=\"300\" height=\"200\" srcset=\"https:\/\/citt-semiconductores.madrimasd.org\/wp-content\/uploads\/2026\/02\/219968-e1771587500368-300x201.png 300w, https:\/\/citt-semiconductores.madrimasd.org\/wp-content\/uploads\/2026\/02\/219968-e1771587500368-320x214.png 320w, https:\/\/citt-semiconductores.madrimasd.org\/wp-content\/uploads\/2026\/02\/219968-e1771587500368-480x321.png 480w, https:\/\/citt-semiconductores.madrimasd.org\/wp-content\/uploads\/2026\/02\/219968-800x285.png 800w, https:\/\/citt-semiconductores.madrimasd.org\/wp-content\/uploads\/2026\/04\/219968-e1771587500368-600x400.png 2x\" src=\"https:\/\/citt-semiconductores.madrimasd.org\/wp-content\/uploads\/2026\/02\/219968-e1771587500368-300x201.png\" data-img-src=\"https:\/\/citt-semiconductores.madrimasd.org\/wp-content\/uploads\/2026\/02\/219968-e1771587500368.png\" data-attachment-id=\"2689\"  alt=\"\" title=\"_219968\" \/><\/a><\/div><figcaption hidden=\"\"><\/figcaption><\/figure><\/div><\/div><div class=\"vce-faq-toggle vce-faq-toggle-color--fff vce-faq-toggle-shape-color--b-184-46-36 vce-faq-toggle-shape--rounded\"><div class=\"vce-faq-toggle-wrapper vce\" id=\"el-dd664e02\" data-vce-do-apply=\"margin padding border background  el-dd664e02\"><div class=\"vce-faq-toggle-inner\"><div class=\"vce-faq-toggle-title\"><h6 class=\"vce-faq-toggle-title-text\" aria-controls=\"faqToggle-dd664e02\" aria-expanded=\"false\"><i class=\"vce-faq-toggle-icon\"><\/i>Desde el CITT de Semiconductores te animamos a participar en el encuentro \u201cImagen Infrarroja: Aplicaciones y perspectivas futuras\u201d <\/h6><\/div><div class=\"vce-faq-toggle-text-block\" role=\"region\" id=\"faqToggle-dd664e02\"><p class=\"p1\">Una jornada clave para conocer hacia d\u00f3nde avanza la tecnolog\u00eda de imagen infrarroja y su impacto en sectores estrat\u00e9gicos como defensa, seguridad e industria.<\/p>\n<p class=\"p1\"><span class=\"s1\">\ud83d\udcc5<\/span> <b>24 de febrero<\/b><\/p>\n<p class=\"p1\"><span class=\"s1\">\ud83d\udccd<\/span> Campus Puerta de Toledo (Madrid)<\/p>\n<p class=\"p1\">El encuentro est\u00e1 organizado por SENSIA \u2014socio del CITT\u2014 junto a la Universidad Carlos III de Madrid, y contar\u00e1 con un keynote de nuestro director, <b>Daniel Granados<\/b>.<\/p>\n<p class=\"p1\"><span class=\"s1\">\ud83e\udde0<\/span> Hablaremos de:<br><span class=\"s1\">\u2714\ufe0f<\/span> Tendencias en tecnolog\u00eda infrarroja<br><span class=\"s1\">\u2714\ufe0f<\/span> Aplicaciones reales en defensa, seguridad e industria<br><span class=\"s1\">\u2714\ufe0f<\/span> Retos y oportunidades de futuro<\/p>\n<p class=\"p1\"><span class=\"s1\">\ud83d\udc49<\/span> <b>Inscripci\u00f3n necesaria (aforo limitado). <\/b>https:\/\/eventos.uc3m.es\/147333\/detail\/imagen-infrarroja-aplicaciones-y-perspectivas-futuras.html<\/p><\/div><\/div><\/div><\/div><\/div><\/div><\/div><div class=\"vce-col vce-col--md-34p vce-col--xs-1 vce-col--xs-last vce-col--xs-first vce-col--sm-last vce-col--sm-first\" id=\"el-d7b690ad\"><div class=\"vce-col-inner\" data-vce-do-apply=\"border margin background  el-d7b690ad\"><div class=\"vce-col-content\" data-vce-element-content=\"true\" data-vce-do-apply=\"padding el-d7b690ad\"><div class=\"vce-single-image-container vce-single-image--align-center\"><div class=\"vce vce-single-image-wrapper\" id=\"el-2e6f6417\" data-vce-do-apply=\"all el-2e6f6417\"><figure><div class=\"vce-single-image-figure-inner\" style=\"width: 300px;\"><a href=\"https:\/\/www.linkedin.com\/feed\/update\/urn:li:activity:7430288883164131328\" title=\"\" target=\"_blank\" class=\"vce-single-image-inner vce-single-image--absolute vce-single-image--border-rounded\" style=\"width: 100%; padding-bottom: 100%;\"><img loading=\"lazy\" decoding=\"async\" class=\"vce-single-image\"  width=\"300\" height=\"300\" srcset=\"https:\/\/citt-semiconductores.madrimasd.org\/wp-content\/uploads\/2026\/02\/1-300x300.png 300w, https:\/\/citt-semiconductores.madrimasd.org\/wp-content\/uploads\/2026\/02\/1-320x320.png 320w, https:\/\/citt-semiconductores.madrimasd.org\/wp-content\/uploads\/2026\/02\/1-480x480.png 480w, https:\/\/citt-semiconductores.madrimasd.org\/wp-content\/uploads\/2026\/02\/1-800x800.png 800w, https:\/\/citt-semiconductores.madrimasd.org\/wp-content\/uploads\/2026\/04\/1-600x600.png 2x\" src=\"https:\/\/citt-semiconductores.madrimasd.org\/wp-content\/uploads\/2026\/02\/1-300x300.png\" data-img-src=\"https:\/\/citt-semiconductores.madrimasd.org\/wp-content\/uploads\/2026\/02\/1.png\" data-attachment-id=\"2687\"  alt=\"\" title=\"1\" \/><\/a><\/div><figcaption hidden=\"\"><\/figcaption><\/figure><\/div><\/div><div class=\"vce-faq-toggle vce-faq-toggle-color--fff vce-faq-toggle-shape-color--b-184-46-36 vce-faq-toggle-shape--rounded\"><div class=\"vce-faq-toggle-wrapper vce\" id=\"el-feb3df97\" data-vce-do-apply=\"margin padding border background  el-feb3df97\"><div class=\"vce-faq-toggle-inner\"><div class=\"vce-faq-toggle-title\"><h6 class=\"vce-faq-toggle-title-text\" aria-controls=\"faqToggle-feb3df97\" aria-expanded=\"false\"><i class=\"vce-faq-toggle-icon\"><\/i>Donde los datos encuentran al chip: Madrid concentra el 85% de los Data Centers nacionales y lidera la nueva industria de semiconductores<\/h6><\/div><div class=\"vce-faq-toggle-text-block\" role=\"region\" id=\"faqToggle-feb3df97\"><p class=\"p1\">Cuando hablamos del auge de los semiconductores en Madrid, no hablamos solo de chips. Hablamos de ecosistema.<\/p>\n<p class=\"p1\">Seg\u00fan datos de Invest in Madrid, la regi\u00f3n est\u00e1 construyendo una ventaja competitiva dif\u00edcil de replicar: a su apuesta por la microelectr\u00f3nica se suma una infraestructura digital de primer nivel, con el 85% de los Centros de Datos del pa\u00eds, convirtiendo a Madrid en el gran nodo donde convergen c\u00f3mputo, datos e innovaci\u00f3n tecnol\u00f3gica.<\/p><\/div><\/div><\/div><\/div><\/div><\/div><\/div><div class=\"vce-col vce-col--md-auto vce-col--xs-1 vce-col--xs-last vce-col--xs-first vce-col--sm-last vce-col--sm-first vce-col--md-last vce-col--lg-last vce-col--xl-last\" id=\"el-5a5a8b04\"><div class=\"vce-col-inner\" data-vce-do-apply=\"border margin background  el-5a5a8b04\"><div class=\"vce-col-content\" data-vce-element-content=\"true\" data-vce-do-apply=\"padding el-5a5a8b04\"><div class=\"vce-single-image-container vce-single-image--align-center\"><div class=\"vce vce-single-image-wrapper\" id=\"el-0003c4d4\" data-vce-do-apply=\"all el-0003c4d4\"><figure><div class=\"vce-single-image-figure-inner\" style=\"width: 300px;\"><a href=\"https:\/\/www.linkedin.com\/posts\/citt-semiconductores_transfiere2026-innovaciaejn-idi-activity-7427753831779995648-McDt?utm_source=share&amp;utm_medium=member_desktop&amp;rcm=ACoAADkxZR4BseIMu_x8XWBIi7lnkrQOYl9zAUE\" title=\"\" target=\"_blank\" class=\"vce-single-image-inner vce-single-image--absolute vce-single-image--border-rounded\" style=\"width: 100%; padding-bottom: 100%;\"><img loading=\"lazy\" decoding=\"async\" class=\"vce-single-image\"  width=\"300\" height=\"300\" srcset=\"https:\/\/citt-semiconductores.madrimasd.org\/wp-content\/uploads\/2026\/02\/unnamed-1-300x300.jpg 300w, https:\/\/citt-semiconductores.madrimasd.org\/wp-content\/uploads\/2026\/02\/unnamed-1-320x320.jpg 320w, https:\/\/citt-semiconductores.madrimasd.org\/wp-content\/uploads\/2026\/02\/unnamed-1-480x480.jpg 480w, https:\/\/citt-semiconductores.madrimasd.org\/wp-content\/uploads\/2026\/02\/unnamed-1-800x800.jpg 800w, https:\/\/citt-semiconductores.madrimasd.org\/wp-content\/uploads\/2026\/04\/unnamed-1-600x600.jpg 2x\" src=\"https:\/\/citt-semiconductores.madrimasd.org\/wp-content\/uploads\/2026\/02\/unnamed-1-300x300.jpg\" data-img-src=\"https:\/\/citt-semiconductores.madrimasd.org\/wp-content\/uploads\/2026\/02\/unnamed-1.jpg\" data-attachment-id=\"2685\"  alt=\"\" title=\"unnamed-1\" \/><\/a><\/div><figcaption hidden=\"\"><\/figcaption><\/figure><\/div><\/div><div class=\"vce-faq-toggle vce-faq-toggle-color--fff vce-faq-toggle-shape-color--b-184-46-36 vce-faq-toggle-shape--rounded\"><div class=\"vce-faq-toggle-wrapper vce\" id=\"el-1fb25aed\" data-vce-do-apply=\"margin padding border background  el-1fb25aed\"><div class=\"vce-faq-toggle-inner\"><div class=\"vce-faq-toggle-title\"><h6 class=\"vce-faq-toggle-title-text\" aria-controls=\"faqToggle-1fb25aed\" aria-expanded=\"false\"><i class=\"vce-faq-toggle-icon\"><\/i>La microelectr\u00f3nica es el motor de la industria europea<\/h6><\/div><div class=\"vce-faq-toggle-text-block\" role=\"region\" id=\"faqToggle-1fb25aed\"><p class=\"p1\">El CITT Semiconductores viaja a TRANSFIERE M\u00e1laga 2026 para exhibir el potencial de Madrid en la cadena de valor de los chips y fortalecer las alianzas en este sector estrat\u00e9gico.<\/p>\n<p class=\"p1\">Del 24 al 26 de febrero de 2026, la innovaci\u00f3n madrile\u00f1a se traslada a Andaluc\u00eda para participar en la 15\u00aa edici\u00f3n de TRANSFIERE, el foro europeo de referencia en I+D+i, que se celebrar\u00e1 en el Palacio de Ferias y Congresos de M\u00e1laga (FYCMA).<\/p><\/div><\/div><\/div><\/div><\/div><\/div><\/div><\/div><\/div><\/div><div class=\"vce-row-container\" data-vce-boxed-width=\"true\"><div class=\"vce-row vce-row--col-gap-30 vce-row-equal-height vce-row-content--top\" id=\"el-19cbeec5\" data-vce-do-apply=\"all el-19cbeec5\"><div class=\"vce-content-background-container\"><\/div><div class=\"vce-row-content\" data-vce-element-content=\"true\"><div class=\"vce-col vce-col--md-33p vce-col--xs-1 vce-col--xs-last vce-col--xs-first vce-col--sm-last vce-col--sm-first vce-col--md-first vce-col--lg-first vce-col--xl-first\" id=\"el-b2796f64\"><div class=\"vce-col-inner\" data-vce-do-apply=\"border margin background  el-b2796f64\"><div class=\"vce-col-content\" data-vce-element-content=\"true\" data-vce-do-apply=\"padding el-b2796f64\"><div class=\"vce-single-image-container vce-single-image--align-center\"><div class=\"vce vce-single-image-wrapper\" id=\"el-1beb115d\" data-vce-do-apply=\"all el-1beb115d\"><figure><div class=\"vce-single-image-figure-inner\" style=\"width: 300px;\"><div class=\"vce-single-image-inner vce-single-image--absolute vce-single-image--border-rounded\" style=\"width: 100%; padding-bottom: 56%;\"><img loading=\"lazy\" decoding=\"async\" class=\"vce-single-image\"  width=\"300\" height=\"168\" srcset=\"https:\/\/citt-semiconductores.madrimasd.org\/wp-content\/uploads\/2026\/04\/images-300x168.jpg 300w\" src=\"https:\/\/citt-semiconductores.madrimasd.org\/wp-content\/uploads\/2026\/04\/images-300x168.jpg\" data-img-src=\"https:\/\/citt-semiconductores.madrimasd.org\/wp-content\/uploads\/2026\/02\/images.jpg\" data-attachment-id=\"2679\"  alt=\"\" title=\"images\" \/><\/div><\/div><figcaption hidden=\"\"><\/figcaption><\/figure><\/div><\/div><div class=\"vce-faq-toggle vce-faq-toggle-color--fff vce-faq-toggle-shape-color--b-184-46-36 vce-faq-toggle-shape--rounded\"><div class=\"vce-faq-toggle-wrapper vce\" id=\"el-c88080e1\" data-vce-do-apply=\"margin padding border background  el-c88080e1\"><div class=\"vce-faq-toggle-inner\"><div class=\"vce-faq-toggle-title\"><h6 class=\"vce-faq-toggle-title-text\" aria-controls=\"faqToggle-c88080e1\" aria-expanded=\"false\"><i class=\"vce-faq-toggle-icon\"><\/i>Marco Normativo: Impacto de la Ley de Emisiones Industriales en el Sector<\/h6><\/div><div class=\"vce-faq-toggle-text-block\" role=\"region\" id=\"faqToggle-c88080e1\"><p data-path-to-node=\"10\">Informamos a nuestros asociados sobre el seguimiento del Proyecto de Ley para la Prevenci\u00f3n y Control Integrados de la Contaminaci\u00f3n. Esta normativa es cr\u00edtica para las futuras plantas de fabricaci\u00f3n y procesos de manufactura de semiconductores en Espa\u00f1a.<\/p>\n<p data-path-to-node=\"11\">Es un momento clave para que las entidades del sector analicen el impacto de los nuevos l\u00edmites de emisiones y procedimientos administrativos previstos por el MITECO.<\/p>\n<ul data-path-to-node=\"12\">\n<li>\n<p data-path-to-node=\"12,0,0\"><b data-path-to-node=\"12,0,0\" data-index-in-node=\"0\">Foco t\u00e9cnico:<\/b> Procedimientos de autorizaci\u00f3n ambiental y adaptaci\u00f3n de instalaciones industriales.<\/p>\n<\/li>\n<li>\n<p data-path-to-node=\"12,1,0\"><a class=\"ng-star-inserted\" href=\"https:\/\/www.google.com\/search?q=https:\/\/www.miteco.gob.es\/es\/calidad-y-evaluacion-ambiental\/participacion-publica\/informacion-publica-del-proyecto-de-ley-para-la-prevencion-y-el-.html\" target=\"_blank\" rel=\"noopener\" data-hveid=\"0\" data-ved=\"0CAAQ_4QMahgKEwjC9aOJxL-SAxUAAAAAHQAAAAAQ3gU\">Consulta el Proyecto de Ley (MITECO)<\/a><\/p>\n<\/li>\n<\/ul><\/div><\/div><\/div><\/div><\/div><\/div><\/div><div class=\"vce-col vce-col--md-34p vce-col--xs-1 vce-col--xs-last vce-col--xs-first vce-col--sm-last vce-col--sm-first\" id=\"el-6fa3a4f0\"><div class=\"vce-col-inner\" data-vce-do-apply=\"border margin background  el-6fa3a4f0\"><div class=\"vce-col-content\" data-vce-element-content=\"true\" data-vce-do-apply=\"padding el-6fa3a4f0\"><div class=\"vce-single-image-container vce-single-image--align-center\"><div class=\"vce vce-single-image-wrapper\" id=\"el-16de0f3a\" data-vce-do-apply=\"all el-16de0f3a\"><figure><div class=\"vce-single-image-figure-inner\" style=\"width: 300px;\"><div class=\"vce-single-image-inner vce-single-image--absolute vce-single-image--border-rounded\" style=\"width: 100%; padding-bottom: 66.6667%;\"><img loading=\"lazy\" decoding=\"async\" class=\"vce-single-image\"  width=\"300\" height=\"200\" srcset=\"https:\/\/citt-semiconductores.madrimasd.org\/wp-content\/uploads\/2026\/02\/ch_engineer-with-robot-in-automotive-parts-factory-300x200.jpg 300w, https:\/\/citt-semiconductores.madrimasd.org\/wp-content\/uploads\/2026\/02\/ch_engineer-with-robot-in-automotive-parts-factory-320x213.jpg 320w, https:\/\/citt-semiconductores.madrimasd.org\/wp-content\/uploads\/2026\/02\/ch_engineer-with-robot-in-automotive-parts-factory-480x320.jpg 480w, https:\/\/citt-semiconductores.madrimasd.org\/wp-content\/uploads\/2026\/02\/ch_engineer-with-robot-in-automotive-parts-factory-800x533.jpg 800w, https:\/\/citt-semiconductores.madrimasd.org\/wp-content\/uploads\/2026\/04\/ch_engineer-with-robot-in-automotive-parts-factory-scaled-600x400.jpg 2x\" src=\"https:\/\/citt-semiconductores.madrimasd.org\/wp-content\/uploads\/2026\/02\/ch_engineer-with-robot-in-automotive-parts-factory-300x200.jpg\" data-img-src=\"https:\/\/citt-semiconductores.madrimasd.org\/wp-content\/uploads\/2026\/02\/ch_engineer-with-robot-in-automotive-parts-factory-scaled.jpg\" data-attachment-id=\"2677\"  alt=\"\" title=\"ch_engineer-with-robot-in-automotive-parts-factory\" \/><\/div><\/div><figcaption hidden=\"\"><\/figcaption><\/figure><\/div><\/div><div class=\"vce-faq-toggle vce-faq-toggle-color--fff vce-faq-toggle-shape-color--b-184-46-36 vce-faq-toggle-shape--rounded\"><div class=\"vce-faq-toggle-wrapper vce\" id=\"el-2b5239b9\" data-vce-do-apply=\"margin padding border background  el-2b5239b9\"><div class=\"vce-faq-toggle-inner\"><div class=\"vce-faq-toggle-title\"><h6 class=\"vce-faq-toggle-title-text\" aria-controls=\"faqToggle-2b5239b9\" aria-expanded=\"false\"><i class=\"vce-faq-toggle-icon\"><\/i>Ayudas para la Industrializaci\u00f3n y Aceleraci\u00f3n de Startups (T1 2026)<\/h6><\/div><div class=\"vce-faq-toggle-text-block\" role=\"region\" id=\"faqToggle-2b5239b9\"><p data-path-to-node=\"5\">Desde el CITT Semiconductores destacamos las l\u00edneas de apoyo que permanecen abiertas para fortalecer la capacidad industrial y el dise\u00f1o de microelectr\u00f3nica en Europa:<\/p>\n<ul data-path-to-node=\"6\">\n<li>\n<p data-path-to-node=\"6,0,0\"><b data-path-to-node=\"6,0,0\" data-index-in-node=\"0\">Lab to Fab Accelerator (DIGITAL-JU-CHIPS-2025):<\/b> Programa clave para startups y PYMES que buscan trasladar sus dise\u00f1os de chips del laboratorio a la fabricaci\u00f3n real, utilizando las plataformas de ensayo de la Chips JU.<\/p>\n<ul data-path-to-node=\"6,0,1\">\n<li>\n<p data-path-to-node=\"6,0,1,0,0\"><b data-path-to-node=\"6,0,1,0,0\" data-index-in-node=\"0\">Plazo de solicitud:<\/b> Hasta el 25 de febrero de 2026.<\/p>\n<\/li>\n<li>\n<p data-path-to-node=\"6,0,1,1,0\"><a class=\"ng-star-inserted\" href=\"https:\/\/www.google.com\/search?q=https:\/\/www.chips-ju.europa.eu\/Calls\/\" target=\"_blank\" rel=\"noopener\" data-hveid=\"0\" data-ved=\"0CAAQ_4QMahgKEwjC9aOJxL-SAxUAAAAAHQAAAAAQ2wU\">Enlace a Chips JU<\/a><\/p>\n<\/li>\n<\/ul>\n<\/li>\n<li>\n<p data-path-to-node=\"6,1,0\"><b data-path-to-node=\"6,1,0\" data-index-in-node=\"0\">Aceleraci\u00f3n en Advanced Packaging (DIGITAL-JU-CHIPS-2025-SG-LFA):<\/b> Financiaci\u00f3n espec\u00edfica para proyectos que aborden el empaquetado avanzado y la integraci\u00f3n heterog\u00e9nea de semiconductores.<\/p>\n<ul data-path-to-node=\"6,1,1\">\n<li>\n<p data-path-to-node=\"6,1,1,0,0\"><b data-path-to-node=\"6,1,1,0,0\" data-index-in-node=\"0\">Plazo de solicitud:<\/b> Hasta el 25 de febrero de 2026.<\/p>\n<\/li>\n<li>\n<p data-path-to-node=\"6,1,1,1,0\"><a class=\"ng-star-inserted\" href=\"https:\/\/ec.europa.eu\/info\/funding-tenders\/opportunities\/portal\/screen\/home\" target=\"_blank\" rel=\"noopener\" data-hveid=\"0\" data-ved=\"0CAAQ_4QMahgKEwjC9aOJxL-SAxUAAAAAHQAAAAAQ3AU\">Portal de Licitaciones UE<\/a><\/p>\n<\/li>\n<\/ul>\n<\/li>\n<li>\n<p data-path-to-node=\"6,2,0\"><b data-path-to-node=\"6,2,0\" data-index-in-node=\"0\">Estandarizaci\u00f3n Cu\u00e1ntica y Semiconductores (DIGITAL-JU-CHIPS-2025):<\/b> Apoyo para la creaci\u00f3n de protocolos t\u00e9cnicos y normas comunes en tecnolog\u00edas emergentes.<\/p>\n<ul data-path-to-node=\"6,2,1\">\n<li>\n<p data-path-to-node=\"6,2,1,0,0\"><b data-path-to-node=\"6,2,1,0,0\" data-index-in-node=\"0\">Plazo de solicitud:<\/b> Hasta el 15 de abril de 2026.<\/p>\n<\/li>\n<li>\n<p data-path-to-node=\"6,2,1,1,0\"><a class=\"ng-star-inserted\" href=\"https:\/\/www.google.com\/search?q=https:\/\/www.chips-ju.europa.eu\/Calls\/\" target=\"_blank\" rel=\"noopener\" data-hveid=\"0\" data-ved=\"0CAAQ_4QMahgKEwjC9aOJxL-SAxUAAAAAHQAAAAAQ3QU\">M\u00e1s informaci\u00f3n<\/a><\/p>\n<\/li>\n<\/ul>\n<\/li>\n<\/ul><\/div><\/div><\/div><\/div><\/div><\/div><\/div><div class=\"vce-col vce-col--md-auto vce-col--xs-1 vce-col--xs-last vce-col--xs-first vce-col--sm-last vce-col--sm-first vce-col--md-last vce-col--lg-last vce-col--xl-last\" id=\"el-34417f2f\"><div class=\"vce-col-inner\" data-vce-do-apply=\"border margin background  el-34417f2f\"><div class=\"vce-col-content\" data-vce-element-content=\"true\" data-vce-do-apply=\"padding el-34417f2f\"><div class=\"vce-single-image-container vce-single-image--align-center\"><div class=\"vce vce-single-image-wrapper\" id=\"el-0abeff2c\" data-vce-do-apply=\"all el-0abeff2c\"><figure><div class=\"vce-single-image-figure-inner\" style=\"width: 300px;\"><a href=\"https:\/\/www.linkedin.com\/feed\/update\/urn:li:activity:7416403399803539456\" title=\"\" target=\"_blank\" class=\"vce-single-image-inner vce-single-image--absolute vce-single-image--border-rounded\" style=\"width: 100%; padding-bottom: 65%;\"><img loading=\"lazy\" decoding=\"async\" class=\"vce-single-image\"  width=\"300\" height=\"195\" srcset=\"https:\/\/citt-semiconductores.madrimasd.org\/wp-content\/uploads\/2026\/01\/1768208359950-300x195.jpg 300w, https:\/\/citt-semiconductores.madrimasd.org\/wp-content\/uploads\/2026\/01\/1768208359950-320x208.jpg 320w, https:\/\/citt-semiconductores.madrimasd.org\/wp-content\/uploads\/2026\/01\/1768208359950-480x312.jpg 480w, https:\/\/citt-semiconductores.madrimasd.org\/wp-content\/uploads\/2026\/04\/1768208359950-800x520.jpg 800w, https:\/\/citt-semiconductores.madrimasd.org\/wp-content\/uploads\/2026\/04\/1768208359950-600x390.jpg 2x\" src=\"https:\/\/citt-semiconductores.madrimasd.org\/wp-content\/uploads\/2026\/01\/1768208359950-300x195.jpg\" data-img-src=\"https:\/\/citt-semiconductores.madrimasd.org\/wp-content\/uploads\/2026\/01\/1768208359950.jpg\" data-attachment-id=\"2675\"  alt=\"\" title=\"1768208359950\" \/><\/a><\/div><figcaption hidden=\"\"><\/figcaption><\/figure><\/div><\/div><div class=\"vce-faq-toggle vce-faq-toggle-color--fff vce-faq-toggle-shape-color--b-184-46-36 vce-faq-toggle-shape--rounded\"><div class=\"vce-faq-toggle-wrapper vce\" id=\"el-5d7bcf70\" data-vce-do-apply=\"margin padding border background  el-5d7bcf70\"><div class=\"vce-faq-toggle-inner\"><div class=\"vce-faq-toggle-title\"><h6 class=\"vce-faq-toggle-title-text\" aria-controls=\"faqToggle-5d7bcf70\" aria-expanded=\"false\"><i class=\"vce-faq-toggle-icon\"><\/i>2026: Una nueva etapa para los Semiconductores en Madrid<\/h6><\/div><div class=\"vce-faq-toggle-text-block\" role=\"region\" id=\"faqToggle-5d7bcf70\"><p>Arrancamos el a\u00f1o con un hito clave: la transformaci\u00f3n del CITT Semiconductores en asociaci\u00f3n. Este paso refuerza nuestra base para impulsar el talento y la competitividad en la regi\u00f3n.<\/p>\n<p>En un escenario global que prioriza la autonom\u00eda tecnol\u00f3gica, nuestros objetivos son claros:<\/p>\n<p>\ud83d\udc49 Ampliar la comunidad del cl\u00faster.<br>\ud83d\udc49 Reforzar la cooperaci\u00f3n entre industria, investigaci\u00f3n y talento.<br>\ud83d\udc49 Consolidar al CITT como nodo de referencia internacional.<\/p>\n<p>Mantenemos una agenda activa en iniciativas europeas de litograf\u00eda y fotom\u00e1scaras, conectando nuestro ecosistema con los principales foros cient\u00edficos del sector.<\/p>\n<p>\u00a1Seguimos avanzando, juntos! \ud83d\ude80<\/p><\/div><\/div><\/div><\/div><\/div><\/div><\/div><\/div><\/div><\/div><div class=\"vce-row-container\" data-vce-boxed-width=\"true\"><div class=\"vce-row vce-row--col-gap-30 vce-row-equal-height vce-row-content--top\" id=\"el-0f79efe8\" data-vce-do-apply=\"all el-0f79efe8\"><div class=\"vce-row-content\" data-vce-element-content=\"true\"><div class=\"vce-col vce-col--md-33p vce-col--xs-1 vce-col--xs-last vce-col--xs-first vce-col--sm-last vce-col--sm-first vce-col--md-first vce-col--lg-first vce-col--xl-first\" id=\"el-6968801d\"><div class=\"vce-col-inner\" data-vce-do-apply=\"border margin background  el-6968801d\"><div class=\"vce-col-content\" data-vce-element-content=\"true\" data-vce-do-apply=\"padding el-6968801d\"><div class=\"vce-single-image-container vce-single-image--align-center\"><div class=\"vce vce-single-image-wrapper\" id=\"el-3884d875\" data-vce-do-apply=\"all el-3884d875\"><figure><div class=\"vce-single-image-figure-inner\" style=\"width: 300px;\"><a href=\"https:\/\/www.linkedin.com\/posts\/citt-semiconductores_semiconductores-future-trends-forum-activity-7407391839483342848-kXsy?utm_source=share&amp;utm_medium=member_desktop&amp;rcm=ACoAADkxZR4BseIMu_x8XWBIi7lnkrQOYl9zAUE\" title=\"\" target=\"_blank\" class=\"vce-single-image-inner vce-single-image--absolute vce-single-image--border-rounded\" style=\"width: 100%; padding-bottom: 54%;\"><img loading=\"lazy\" decoding=\"async\" class=\"vce-single-image\"  width=\"300\" height=\"162\" srcset=\"https:\/\/citt-semiconductores.madrimasd.org\/wp-content\/uploads\/2025\/12\/FutureTrendBankinter-300x162.jpg 300w, https:\/\/citt-semiconductores.madrimasd.org\/wp-content\/uploads\/2025\/12\/FutureTrendBankinter-320x173.jpg 320w, https:\/\/citt-semiconductores.madrimasd.org\/wp-content\/uploads\/2025\/12\/FutureTrendBankinter-480x259.jpg 480w, https:\/\/citt-semiconductores.madrimasd.org\/wp-content\/uploads\/2025\/12\/FutureTrendBankinter-800x432.jpg 800w, https:\/\/citt-semiconductores.madrimasd.org\/wp-content\/uploads\/2026\/04\/FutureTrendBankinter-600x324.jpg 2x\" src=\"https:\/\/citt-semiconductores.madrimasd.org\/wp-content\/uploads\/2025\/12\/FutureTrendBankinter-300x162.jpg\" data-img-src=\"https:\/\/citt-semiconductores.madrimasd.org\/wp-content\/uploads\/2025\/12\/FutureTrendBankinter.jpg\" data-attachment-id=\"2671\"  alt=\"\" title=\"FutureTrendBankinter\" \/><\/a><\/div><figcaption hidden=\"\"><\/figcaption><\/figure><\/div><\/div><div class=\"vce-faq-toggle vce-faq-toggle-color--fff vce-faq-toggle-shape-color--b-184-46-36 vce-faq-toggle-shape--rounded\"><div class=\"vce-faq-toggle-wrapper vce\" id=\"el-d0ca6d37\" data-vce-do-apply=\"margin padding border background  el-d0ca6d37\"><div class=\"vce-faq-toggle-inner\"><div class=\"vce-faq-toggle-title\"><h6 class=\"vce-faq-toggle-title-text\" aria-controls=\"faqToggle-d0ca6d37\" aria-expanded=\"false\"><i class=\"vce-faq-toggle-icon\"><\/i>El Future Trends Forum de la Fundaci\u00f3n Innovaci\u00f3n Bankinter analiza c\u00f3mo los semiconductores redefinen la competitividad tecnol\u00f3gica global y la autonom\u00eda estrat\u00e9gica<\/h6><\/div><div class=\"vce-faq-toggle-text-block\" role=\"region\" id=\"faqToggle-d0ca6d37\"><p>Los semiconductores no van solo de tecnolog\u00eda: van de autonom\u00eda estrat\u00e9gica, visi\u00f3n compartida y de c\u00f3mo conectamos todo un ecosistema.<br><br>El Future Trends Forum de la Fundaci\u00f3n Innovaci\u00f3n Bankinter reuni\u00f3 a expertos internacionales para analizar c\u00f3mo los semiconductores est\u00e1n redefiniendo la competitividad tecnol\u00f3gica global y la autonom\u00eda estrat\u00e9gica de los pa\u00edses.<\/p>\n<p>Desde el CITT Semiconductores, Daniel Granados puso el foco en algo clave: si queremos que Espa\u00f1a juegue en serio en esta liga, necesitamos un ecosistema integrado, capaz de conectar a toda la cadena de valor del chip, desde la academia y el dise\u00f1o hasta la industria, el usuario final y los instrumentos de financiaci\u00f3n p\u00fablica y privada, incluido el venture capital.<\/p><\/div><\/div><\/div><\/div><\/div><\/div><\/div><div class=\"vce-col vce-col--md-34p vce-col--xs-1 vce-col--xs-last vce-col--xs-first vce-col--sm-last vce-col--sm-first\" id=\"el-3a9a83e8\"><div class=\"vce-col-inner\" data-vce-do-apply=\"border margin background  el-3a9a83e8\"><div class=\"vce-col-content\" data-vce-element-content=\"true\" data-vce-do-apply=\"padding el-3a9a83e8\"><div class=\"vce-single-image-container vce-single-image--align-center\"><div class=\"vce vce-single-image-wrapper\" id=\"el-234684ab\" data-vce-do-apply=\"all el-234684ab\"><figure><div class=\"vce-single-image-figure-inner\" style=\"width: 300px;\"><a href=\"https:\/\/www.linkedin.com\/feed\/update\/urn:li:activity:7401964545725886464\" title=\"\" target=\"_blank\" class=\"vce-single-image-inner vce-single-image--absolute vce-single-image--border-rounded\" style=\"width: 100%; padding-bottom: 66.6667%;\"><img loading=\"lazy\" decoding=\"async\" class=\"vce-single-image\"  width=\"300\" height=\"200\" srcset=\"https:\/\/citt-semiconductores.madrimasd.org\/wp-content\/uploads\/2025\/12\/2025-11-27_HORIZON_DEEP_0212_web_1920-300x200.jpg 300w, https:\/\/citt-semiconductores.madrimasd.org\/wp-content\/uploads\/2025\/12\/2025-11-27_HORIZON_DEEP_0212_web_1920-320x214.jpg 320w, https:\/\/citt-semiconductores.madrimasd.org\/wp-content\/uploads\/2025\/12\/2025-11-27_HORIZON_DEEP_0212_web_1920-480x320.jpg 480w, https:\/\/citt-semiconductores.madrimasd.org\/wp-content\/uploads\/2025\/12\/2025-11-27_HORIZON_DEEP_0212_web_1920-800x534.jpg 800w, https:\/\/citt-semiconductores.madrimasd.org\/wp-content\/uploads\/2026\/04\/2025-11-27_HORIZON_DEEP_0212_web_1920-600x400.jpg 2x\" src=\"https:\/\/citt-semiconductores.madrimasd.org\/wp-content\/uploads\/2025\/12\/2025-11-27_HORIZON_DEEP_0212_web_1920-300x200.jpg\" data-img-src=\"https:\/\/citt-semiconductores.madrimasd.org\/wp-content\/uploads\/2025\/12\/2025-11-27_HORIZON_DEEP_0212_web_1920.jpg\" data-attachment-id=\"2663\"  alt=\"\" title=\"2025-11-27_HORIZON_DEEP_0212_web_1920\" \/><\/a><\/div><figcaption hidden=\"\"><\/figcaption><\/figure><\/div><\/div><div class=\"vce-faq-toggle vce-faq-toggle-color--fff vce-faq-toggle-shape-color--b-184-46-36 vce-faq-toggle-shape--rounded\"><div class=\"vce-faq-toggle-wrapper vce\" id=\"el-92061a93\" data-vce-do-apply=\"margin padding border background  el-92061a93\"><div class=\"vce-faq-toggle-inner\"><div class=\"vce-faq-toggle-title\"><h6 class=\"vce-faq-toggle-title-text\" aria-controls=\"faqToggle-92061a93\" aria-expanded=\"false\"><i class=\"vce-faq-toggle-icon\"><\/i>Deep Tech con sello madrile\u00f1o: la visi\u00f3n del CITT Semiconductores en Horizon Deep Tech Summit 2025<\/h6><\/div><div class=\"vce-faq-toggle-text-block\" role=\"region\" id=\"faqToggle-92061a93\"><p><span style=\"font-size: 10pt;\">El CITT Semiconductores de la Fundaci\u00f3n para el Conocimiento madri+d particip\u00f3 activamente en el Horizon Deep Tech Summit 2025 a trav\u00e9s de su director, Daniel Granados, que intervino en dos mesas de debate sobre materiales avanzados e innovaci\u00f3n basada en ciencia para acelerar la transferencia tecnol\u00f3gica.&nbsp;<\/span><\/p><\/div><\/div><\/div><\/div><\/div><\/div><\/div><div class=\"vce-col vce-col--md-auto vce-col--xs-1 vce-col--xs-last vce-col--xs-first vce-col--sm-last vce-col--sm-first vce-col--md-last vce-col--lg-last vce-col--xl-last\" id=\"el-90de6fe8\"><div class=\"vce-col-inner\" data-vce-do-apply=\"border margin background  el-90de6fe8\"><div class=\"vce-col-content\" data-vce-element-content=\"true\" data-vce-do-apply=\"padding el-90de6fe8\"><div class=\"vce-single-image-container vce-single-image--align-center\"><div class=\"vce vce-single-image-wrapper\" id=\"el-41b892a6\" data-vce-do-apply=\"all el-41b892a6\"><figure><div class=\"vce-single-image-figure-inner\" style=\"width: 300px;\"><a href=\"https:\/\/www.linkedin.com\/posts\/citt-semiconductores_madridesinnovaciaejn-cittsemiconductores-activity-7399015683843547136-5qmo?utm_source=share&amp;utm_medium=member_desktop&amp;rcm=ACoAADkxZR4BseIMu_x8XWBIi7lnkrQOYl9zAUE\" title=\"\" target=\"_blank\" class=\"vce-single-image-inner vce-single-image--absolute vce-single-image--border-rounded\" style=\"width: 100%; padding-bottom: 56.3333%;\"><img loading=\"lazy\" decoding=\"async\" class=\"vce-single-image\"  width=\"300\" height=\"169\" srcset=\"https:\/\/citt-semiconductores.madrimasd.org\/wp-content\/uploads\/2025\/11\/15.56.30_edit-300x169.jpg 300w, https:\/\/citt-semiconductores.madrimasd.org\/wp-content\/uploads\/2025\/11\/15.56.30_edit-320x180.jpg 320w, https:\/\/citt-semiconductores.madrimasd.org\/wp-content\/uploads\/2025\/11\/15.56.30_edit-480x271.jpg 480w, https:\/\/citt-semiconductores.madrimasd.org\/wp-content\/uploads\/2025\/11\/15.56.30_edit-800x451.jpg 800w, https:\/\/citt-semiconductores.madrimasd.org\/wp-content\/uploads\/2026\/04\/15.56.30_edit-600x338.jpg 2x\" src=\"https:\/\/citt-semiconductores.madrimasd.org\/wp-content\/uploads\/2025\/11\/15.56.30_edit-300x169.jpg\" data-img-src=\"https:\/\/citt-semiconductores.madrimasd.org\/wp-content\/uploads\/2025\/11\/15.56.30_edit.jpg\" data-attachment-id=\"2661\"  alt=\"\" title=\"15.56.30_edit\" \/><\/a><\/div><figcaption hidden=\"\"><\/figcaption><\/figure><\/div><\/div><div class=\"vce-faq-toggle vce-faq-toggle-color--fff vce-faq-toggle-shape-color--b-184-46-36 vce-faq-toggle-shape--rounded\"><div class=\"vce-faq-toggle-wrapper vce\" id=\"el-c7bfbcc8\" data-vce-do-apply=\"margin padding border background  el-c7bfbcc8\"><div class=\"vce-faq-toggle-inner\"><div class=\"vce-faq-toggle-title\"><h6 class=\"vce-faq-toggle-title-text\" aria-controls=\"faqToggle-c7bfbcc8\" aria-expanded=\"false\"><i class=\"vce-faq-toggle-icon\"><\/i>El CITT Semiconductores celebra su Summit 2025 y refuerza la posici\u00f3n de la Regi\u00f3n de Madrid en la industria europea de microchips<\/h6><\/div><div class=\"vce-faq-toggle-text-block\" role=\"region\" id=\"faqToggle-c7bfbcc8\"><p><span style=\"font-size: 10pt;\">Impulsado por la Fundaci\u00f3n para el Conocimiento madri+d y la Comunidad de Madrid, el CITT Semiconductores celebr\u00f3 su Summit 2025 el pasado 13 de noviembre, un encuentro clave para consolidar la estrategia regional en torno a la industria de los microchips y alinear a empresas, centros de investigaci\u00f3n y universidades en una misma hoja de ruta.<\/span><br><br><span style=\"font-size: 10pt;\">Con este Summit, el CITT Semiconductores da un paso m\u00e1s en la construcci\u00f3n de un ecosistema s\u00f3lido, competitivo y conectado internacionalmente, capaz de atraer nuevas oportunidades de colaboraci\u00f3n e inversi\u00f3n.&nbsp;<\/span><\/p><\/div><\/div><\/div><\/div><\/div><\/div><\/div><\/div><\/div><\/div><div class=\"vce-row-container\" data-vce-boxed-width=\"true\"><div class=\"vce-row vce-row--col-gap-30 vce-row-equal-height vce-row-content--top\" id=\"el-871bb0d4\" data-vce-do-apply=\"all el-871bb0d4\"><div class=\"vce-row-content\" data-vce-element-content=\"true\"><div class=\"vce-col vce-col--md-33p vce-col--xs-1 vce-col--xs-last vce-col--xs-first vce-col--sm-last vce-col--sm-first vce-col--md-first vce-col--lg-first vce-col--xl-first\" id=\"el-424ae172\"><div class=\"vce-col-inner\" data-vce-do-apply=\"border margin background  el-424ae172\"><div class=\"vce-col-content\" data-vce-element-content=\"true\" data-vce-do-apply=\"padding el-424ae172\"><div class=\"vce-single-image-container vce-single-image--align-center\"><div class=\"vce vce-single-image-wrapper\" id=\"el-a033c196\" data-vce-do-apply=\"all el-a033c196\"><figure><div class=\"vce-single-image-figure-inner\" style=\"width: 300px;\"><a href=\"https:\/\/www.linkedin.com\/pulse\/relevo-en-la-presidencia-de-esra-citt-semiconductores-y4hhf\/\" title=\"\" target=\"_blank\" class=\"vce-single-image-inner vce-single-image--absolute vce-single-image--border-rounded\" style=\"width: 100%; padding-bottom: 75%;\"><img loading=\"lazy\" decoding=\"async\" class=\"vce-single-image\"  width=\"300\" height=\"225\" srcset=\"https:\/\/citt-semiconductores.madrimasd.org\/wp-content\/uploads\/2025\/11\/1.-CITT-Semiconductores-\u2013-ESRA_-300x225.jpg 300w, https:\/\/citt-semiconductores.madrimasd.org\/wp-content\/uploads\/2025\/11\/1.-CITT-Semiconductores-\u2013-ESRA_-320x240.jpg 320w, https:\/\/citt-semiconductores.madrimasd.org\/wp-content\/uploads\/2025\/11\/1.-CITT-Semiconductores-\u2013-ESRA_-480x360.jpg 480w, https:\/\/citt-semiconductores.madrimasd.org\/wp-content\/uploads\/2025\/11\/1.-CITT-Semiconductores-\u2013-ESRA_-800x600.jpg 800w, https:\/\/citt-semiconductores.madrimasd.org\/wp-content\/uploads\/2026\/04\/1.-CITT-Semiconductores-\u2013-ESRA_-scaled-600x450.jpg 2x\" src=\"https:\/\/citt-semiconductores.madrimasd.org\/wp-content\/uploads\/2025\/11\/1.-CITT-Semiconductores-\u2013-ESRA_-300x225.jpg\" data-img-src=\"https:\/\/citt-semiconductores.madrimasd.org\/wp-content\/uploads\/2025\/11\/1.-CITT-Semiconductores-\u2013-ESRA_-scaled.jpg\" data-attachment-id=\"2656\"  alt=\"\" title=\"1. CITT Semiconductores \u2013 ESRA_\" \/><\/a><\/div><figcaption hidden=\"\"><\/figcaption><\/figure><\/div><\/div><\/div><\/div><\/div><div class=\"vce-col vce-col--md-34p vce-col--xs-1 vce-col--xs-last vce-col--xs-first vce-col--sm-last vce-col--sm-first\" id=\"el-9e65030c\"><div class=\"vce-col-inner\" data-vce-do-apply=\"border margin background  el-9e65030c\"><div class=\"vce-col-content\" data-vce-element-content=\"true\" data-vce-do-apply=\"padding el-9e65030c\"><div class=\"vce-single-image-container vce-single-image--align-center\"><div class=\"vce vce-single-image-wrapper\" id=\"el-f1816823\" data-vce-do-apply=\"all el-f1816823\"><figure><div class=\"vce-single-image-figure-inner\" style=\"width: 208px;\"><a href=\"https:\/\/citt-semiconductores.madrimasd.org\/wp-content\/uploads\/2024\/07\/Siliconomy-base-de-la-economia-digital-agenda.pdf\" title=\"\" target=\"_blank\" class=\"vce-single-image-inner vce-single-image--absolute vce-single-image--border-rounded\" style=\"width: 100%; padding-bottom: 144.231%;\"><img loading=\"lazy\" decoding=\"async\" class=\"vce-single-image\"  width=\"208\" height=\"300\" srcset=\"https:\/\/citt-semiconductores.madrimasd.org\/wp-content\/uploads\/2024\/07\/Imagen1-1-208x300.png 208w, https:\/\/citt-semiconductores.madrimasd.org\/wp-content\/uploads\/2024\/07\/Imagen1-1-320x461.png 320w, https:\/\/citt-semiconductores.madrimasd.org\/wp-content\/uploads\/2026\/04\/Imagen1-1-480x692.png 480w, https:\/\/citt-semiconductores.madrimasd.org\/wp-content\/uploads\/2026\/04\/Imagen1-1-800x1154.png 800w, https:\/\/citt-semiconductores.madrimasd.org\/wp-content\/uploads\/2026\/04\/Imagen1-1-416x600.png 2x\" src=\"https:\/\/citt-semiconductores.madrimasd.org\/wp-content\/uploads\/2024\/07\/Imagen1-1-208x300.png\" data-img-src=\"https:\/\/citt-semiconductores.madrimasd.org\/wp-content\/uploads\/2024\/07\/Imagen1-1.png\" data-attachment-id=\"2573\"  alt=\"\" title=\"Imagen1\" \/><\/a><\/div><figcaption hidden=\"\"><\/figcaption><\/figure><\/div><\/div><\/div><\/div><\/div><div class=\"vce-col vce-col--md-auto vce-col--xs-1 vce-col--xs-last vce-col--xs-first vce-col--sm-last vce-col--sm-first vce-col--md-last vce-col--lg-last vce-col--xl-last\" id=\"el-950cab64\"><div class=\"vce-col-inner\" data-vce-do-apply=\"border margin background  el-950cab64\"><div class=\"vce-col-content\" data-vce-element-content=\"true\" data-vce-do-apply=\"padding el-950cab64\"><div class=\"vce-single-image-container vce-single-image--align-left\"><div class=\"vce vce-single-image-wrapper\" id=\"el-0c77b357\" data-vce-do-apply=\"all el-0c77b357\"><figure><div class=\"vce-single-image-figure-inner\" style=\"width: 1024px;\"><a href=\"https:\/\/hipertextual.com\/2024\/05\/tsmc-truco-desactivar-maquinas-fabricacion-chips-invasion-china\" title=\"\" target=\"_blank\" class=\"vce-single-image-inner vce-single-image--absolute vce-single-image--border-rounded\" style=\"width: 100%; padding-bottom: 75%;\"><img loading=\"lazy\" decoding=\"async\" class=\"vce-single-image\"  width=\"1024\" height=\"768\" srcset=\"https:\/\/citt-semiconductores.madrimasd.org\/wp-content\/uploads\/2024\/07\/Image-3-1024x768.jpg 1024w, https:\/\/citt-semiconductores.madrimasd.org\/wp-content\/uploads\/2024\/07\/Image-3-2048x1536.jpg 2x, https:\/\/citt-semiconductores.madrimasd.org\/wp-content\/uploads\/2024\/07\/Image-3-320x240.jpg 320w, https:\/\/citt-semiconductores.madrimasd.org\/wp-content\/uploads\/2024\/07\/Image-3-480x360.jpg 480w, https:\/\/citt-semiconductores.madrimasd.org\/wp-content\/uploads\/2024\/07\/Image-3-800x600.jpg 800w\" src=\"https:\/\/citt-semiconductores.madrimasd.org\/wp-content\/uploads\/2024\/07\/Image-3-1024x768.jpg\" data-img-src=\"https:\/\/citt-semiconductores.madrimasd.org\/wp-content\/uploads\/2024\/07\/Image-3-scaled.jpg\" data-attachment-id=\"2568\"  alt=\"\" title=\"Image (3)\" \/><\/a><\/div><figcaption hidden=\"\"><\/figcaption><\/figure><\/div><\/div><\/div><\/div><\/div><\/div><\/div><\/div><div class=\"vce-row-container\" data-vce-boxed-width=\"true\"><div class=\"vce-row vce-row--col-gap-30 vce-row-equal-height vce-row-content--top\" id=\"el-5d3ccf40\" data-vce-do-apply=\"all el-5d3ccf40\"><div class=\"vce-content-background-container\"><\/div><div class=\"vce-row-content\" data-vce-element-content=\"true\"><div class=\"vce-col vce-col--md-33p vce-col--xs-1 vce-col--xs-last vce-col--xs-first vce-col--sm-last vce-col--sm-first vce-col--md-first vce-col--lg-first vce-col--xl-first\" id=\"el-b350d90d\"><div class=\"vce-col-inner\" data-vce-do-apply=\"border margin background  el-b350d90d\"><div class=\"vce-col-content\" data-vce-element-content=\"true\" data-vce-do-apply=\"padding el-b350d90d\"><div class=\"vce-faq-toggle vce-faq-toggle-color--fff vce-faq-toggle-shape-color--b-184-46-36 vce-faq-toggle-shape--rounded\"><div class=\"vce-faq-toggle-wrapper vce\" id=\"el-149016d4\" data-vce-do-apply=\"margin padding border background  el-149016d4\"><div class=\"vce-faq-toggle-inner\"><div class=\"vce-faq-toggle-title\"><h6 class=\"vce-faq-toggle-title-text\" aria-controls=\"faqToggle-149016d4\" aria-expanded=\"false\"><i class=\"vce-faq-toggle-icon\"><\/i>El CITT Semiconductores refuerza la presencia de Madrid en la European Semiconductor Regions Alliance (ESRA)<\/h6><\/div><div class=\"vce-faq-toggle-text-block\" role=\"region\" id=\"faqToggle-149016d4\"><p><span style=\"font-size: 10pt;\">La Fundaci\u00f3n para el Conocimiento madri+d, a trav\u00e9s del CITT Semiconductores, ha participado en el encuentro de la European Semiconductor Regions Alliance (ESRA) celebrado en Barcelona, reforzando el papel de la Comunidad de Madrid en la gobernanza europea del sector de los semiconductores y en el despliegue de la European Chips Act.<\/span><\/p><\/div><\/div><\/div><\/div><\/div><\/div><\/div><div class=\"vce-col vce-col--md-33p vce-col--xs-1 vce-col--xs-last vce-col--xs-first vce-col--sm-last vce-col--sm-first\" id=\"el-6215bf05\"><div class=\"vce-col-inner\" data-vce-do-apply=\"border margin background  el-6215bf05\"><div class=\"vce-col-content\" data-vce-element-content=\"true\" data-vce-do-apply=\"padding el-6215bf05\"><div class=\"vce-faq-toggle vce-faq-toggle-color--fff vce-faq-toggle-shape-color--b-184-46-36 vce-faq-toggle-shape--rounded\"><div class=\"vce-faq-toggle-wrapper vce\" id=\"el-5de04300\" data-vce-do-apply=\"margin padding border background  el-5de04300\"><div class=\"vce-faq-toggle-inner\"><div class=\"vce-faq-toggle-title\"><h6 class=\"vce-faq-toggle-title-text\" aria-controls=\"faqToggle-5de04300\" aria-expanded=\"false\"><i class=\"vce-faq-toggle-icon\"><\/i>\u00a1Haz clic en la imagen para ver la agenda definitiva de nuestro curso de verano!<\/h6><\/div><div class=\"vce-faq-toggle-text-block\" role=\"region\" id=\"faqToggle-5de04300\"><\/div><\/div><\/div><\/div><\/div><\/div><\/div><div class=\"vce-col vce-col--md-auto vce-col--xs-1 vce-col--xs-last vce-col--xs-first vce-col--sm-last vce-col--sm-first vce-col--md-last vce-col--lg-last vce-col--xl-last\" id=\"el-8a4c6ae5\"><div class=\"vce-col-inner\" data-vce-do-apply=\"border margin background  el-8a4c6ae5\"><div class=\"vce-col-content\" data-vce-element-content=\"true\" data-vce-do-apply=\"padding el-8a4c6ae5\"><div class=\"vce-faq-toggle vce-faq-toggle-color--fff vce-faq-toggle-shape-color--b-184-46-36 vce-faq-toggle-shape--rounded\"><div class=\"vce-faq-toggle-wrapper vce\" id=\"el-9143d038\" data-vce-do-apply=\"margin padding border background  el-9143d038\"><div class=\"vce-faq-toggle-inner\"><div class=\"vce-faq-toggle-title\"><h6 class=\"vce-faq-toggle-title-text\" aria-controls=\"faqToggle-9143d038\" aria-expanded=\"false\"><i class=\"vce-faq-toggle-icon\"><\/i>Presentaci\u00f3n de los Cursos de Verano de El Escorial en el Museo del Traje<\/h6><\/div><div class=\"vce-faq-toggle-text-block\" role=\"region\" id=\"faqToggle-9143d038\"><p>Madrid, 5 de julio de 2024 \u2013 El Museo del Traje fue el escenario de la esperada presentaci\u00f3n de los Cursos de Verano de El Escorial, centrados en los cl\u00fasters de innovaci\u00f3n y talento. Bajo el lema \"Veranos de Innovaci\u00f3n y Ciencia\", la jornada se dedic\u00f3 a las tecnolog\u00edas del espacio, tecnolog\u00edas biom\u00e9dicas y biotecnolog\u00eda, humanidades digitales y tecnolog\u00edas en Espa\u00f1ol, y semiconductores.<\/p>\n<p>El evento fue inaugurado por Luc\u00eda de Juan, Vicerrectora de Investigaci\u00f3n y Transferencia de la UCM, y Emilio Viciana, Consejero de Educaci\u00f3n, Ciencia y Universidades de la Comunidad de Madrid. La presentaci\u00f3n fue seguida por una mesa redonda titulada \"La Importancia de la Colaboraci\u00f3n P\u00fablico-Privada para la Innovaci\u00f3n Tecnol\u00f3gica\", que cont\u00f3 con la participaci\u00f3n de destacados ponentes.<\/p>\n<p>Entre ellos, Sara Garc\u00eda Alonso, bi\u00f3loga molecular e investigadora en el Centro Nacional de Investigaciones Oncol\u00f3gicas y miembro de la reserva de astronautas de la ESA, resalt\u00f3 la revoluci\u00f3n del sector espacial en los \u00faltimos a\u00f1os y subray\u00f3 c\u00f3mo la investigaci\u00f3n espacial tiene aplicaciones m\u00e1s all\u00e1 del turismo, con impactos positivos en \u00e1reas como la seguridad fronteriza y la gesti\u00f3n de crisis clim\u00e1ticas. Garc\u00eda Alonso destac\u00f3 la importancia de la inversi\u00f3n p\u00fablico-privada para continuar avanzando en este campo y mencion\u00f3 los recientes avances en biotecnolog\u00eda y biomedicina gracias a estudios en misiones espaciales.<\/p>\n<p>Por su parte, Melchor Sanz, CTO de HP Iberia Sales, abord\u00f3 el papel crucial de la inteligencia artificial en el auge de la informaci\u00f3n y la necesidad de colaboraci\u00f3n entre la administraci\u00f3n y la empresa privada para desarrollar productos rentables. Sanz tambi\u00e9n destac\u00f3 el liderazgo europeo en regulaci\u00f3n de ciberseguridad y el papel pionero de HP, que cuenta con 1600 investigadores en Espa\u00f1a.<\/p>\n<p><strong>Titulares:<\/strong><\/p>\n<ul>\n<li><strong>Sara Garc\u00eda Alonso:<\/strong> \"Sinergia perfecta y necesaria entre la curiosidad para ir m\u00e1s lejos en el espacio y generar m\u00e1s beneficios que puedan tener un impacto positivo en la tierra y la sociedad.\"<\/li>\n<li><strong>Melchor Sanz:<\/strong> \"C\u00edrculo virtuoso de la colaboraci\u00f3n p\u00fablico-privada, que es el sustento de la econom\u00eda y que tenemos la responsabilidad de garantizar la sostenibilidad de este sistema.\"<\/li>\n<\/ul><\/div><\/div><\/div><\/div><\/div><\/div><\/div><\/div><\/div><\/div><div class=\"vce-row-container\" data-vce-boxed-width=\"true\"><div class=\"vce-row vce-row--col-gap-30 vce-row-equal-height vce-row-content--top\" id=\"el-88fdd58f\" data-vce-do-apply=\"all el-88fdd58f\"><div class=\"vce-row-content\" data-vce-element-content=\"true\"><div class=\"vce-col vce-col--md-33p vce-col--xs-1 vce-col--xs-last vce-col--xs-first vce-col--sm-last vce-col--sm-first vce-col--md-first vce-col--lg-first vce-col--xl-first\" id=\"el-87fab30a\"><div class=\"vce-col-inner\" data-vce-do-apply=\"border margin background  el-87fab30a\"><div class=\"vce-col-content\" data-vce-element-content=\"true\" data-vce-do-apply=\"padding el-87fab30a\"><div class=\"vce-single-image-container vce-single-image--align-center\"><div class=\"vce vce-single-image-wrapper\" id=\"el-9a9a10ba\" data-vce-do-apply=\"all el-9a9a10ba\"><figure><div class=\"vce-single-image-figure-inner\" style=\"width: 200px;\"><a href=\"https:\/\/www.msn.com\/es-es\/dinero\/other\/broadcom-sigue-buscando-el-lugar-id%C3%B3neo-para-poner-su-f%C3%A1brica-de-chips-en-espa%C3%B1a\/ar-BB1ocui0?ocid=BingNewsSearch&amp;apiversion=v2&amp;noservercache=1&amp;domshim=1&amp;renderwebcomponents=1&amp;wcseo=1&amp;batchservertelemetry=1&amp;noservertelemetry=1\" title=\"\" target=\"_blank\" class=\"vce-single-image-inner vce-single-image--absolute vce-single-image--border-rounded\" style=\"width: 100%; padding-bottom: 45%;\"><img loading=\"lazy\" decoding=\"async\" class=\"vce-single-image\"  width=\"200\" height=\"90\" srcset=\"https:\/\/citt-semiconductores.madrimasd.org\/wp-content\/uploads\/2026\/04\/broadcom-200x90.webp 200w\" src=\"https:\/\/citt-semiconductores.madrimasd.org\/wp-content\/uploads\/2026\/04\/broadcom-200x90.webp\" data-img-src=\"https:\/\/citt-semiconductores.madrimasd.org\/wp-content\/uploads\/2024\/06\/broadcom.webp\" data-attachment-id=\"2523\"  alt=\"\" title=\"broadcom\" \/><\/a><\/div><figcaption hidden=\"\"><\/figcaption><\/figure><\/div><\/div><\/div><\/div><\/div><div class=\"vce-col vce-col--md-34p vce-col--xs-1 vce-col--xs-last vce-col--xs-first vce-col--sm-last vce-col--sm-first\" id=\"el-c8689352\"><div class=\"vce-col-inner\" data-vce-do-apply=\"border margin background  el-c8689352\"><div class=\"vce-col-content\" data-vce-element-content=\"true\" data-vce-do-apply=\"padding el-c8689352\"><div class=\"vce-single-image-container vce-single-image--align-left\"><div class=\"vce vce-single-image-wrapper\" id=\"el-28d40183\" data-vce-do-apply=\"all el-28d40183\"><figure><div class=\"vce-single-image-figure-inner\" style=\"width: 640px;\"><a href=\"https:\/\/hipertextual.com\/2024\/05\/tsmc-truco-desactivar-maquinas-fabricacion-chips-invasion-china\" title=\"\" target=\"_blank\" class=\"vce-single-image-inner vce-single-image--absolute vce-single-image--border-rounded\" style=\"width: 100%; padding-bottom: 75%;\"><img loading=\"lazy\" decoding=\"async\" class=\"vce-single-image\"  width=\"640\" height=\"480\" srcset=\"https:\/\/citt-semiconductores.madrimasd.org\/wp-content\/uploads\/2024\/06\/CE-320x240.jpg 320w, https:\/\/citt-semiconductores.madrimasd.org\/wp-content\/uploads\/2024\/06\/CE-480x360.jpg 480w, https:\/\/citt-semiconductores.madrimasd.org\/wp-content\/uploads\/2026\/04\/CE-640x480.jpg 640w\" src=\"https:\/\/citt-semiconductores.madrimasd.org\/wp-content\/uploads\/2026\/04\/CE-640x480.jpg\" data-img-src=\"https:\/\/citt-semiconductores.madrimasd.org\/wp-content\/uploads\/2024\/06\/CE.jpg\" data-attachment-id=\"2519\"  alt=\"\" title=\"CE\" \/><\/a><\/div><figcaption hidden=\"\"><\/figcaption><\/figure><\/div><\/div><\/div><\/div><\/div><div class=\"vce-col vce-col--md-auto vce-col--xs-1 vce-col--xs-last vce-col--xs-first vce-col--sm-last vce-col--sm-first vce-col--md-last vce-col--lg-last vce-col--xl-last\" id=\"el-414df458\"><div class=\"vce-col-inner\" data-vce-do-apply=\"border margin background  el-414df458\"><div class=\"vce-col-content\" data-vce-element-content=\"true\" data-vce-do-apply=\"padding el-414df458\"><div class=\"vce-single-image-container vce-single-image--align-left\"><div class=\"vce vce-single-image-wrapper\" id=\"el-caff530c\" data-vce-do-apply=\"all el-caff530c\"><figure><div class=\"vce-single-image-figure-inner\" style=\"width: 1024px;\"><a href=\"https:\/\/hipertextual.com\/2024\/05\/tsmc-truco-desactivar-maquinas-fabricacion-chips-invasion-china\" title=\"\" target=\"_blank\" class=\"vce-single-image-inner vce-single-image--absolute vce-single-image--border-rounded\" style=\"width: 100%; padding-bottom: 53.7109%;\"><img loading=\"lazy\" decoding=\"async\" class=\"vce-single-image\"  width=\"1024\" height=\"550\" srcset=\"https:\/\/citt-semiconductores.madrimasd.org\/wp-content\/uploads\/2024\/05\/Imagen1-7-1024x551.png 1024w, https:\/\/citt-semiconductores.madrimasd.org\/wp-content\/uploads\/2024\/05\/Imagen1-7-320x172.png 320w, https:\/\/citt-semiconductores.madrimasd.org\/wp-content\/uploads\/2024\/05\/Imagen1-7-480x258.png 480w, https:\/\/citt-semiconductores.madrimasd.org\/wp-content\/uploads\/2024\/05\/Imagen1-7-800x430.png 800w\" src=\"https:\/\/citt-semiconductores.madrimasd.org\/wp-content\/uploads\/2024\/05\/Imagen1-7-1024x551.png\" data-img-src=\"https:\/\/citt-semiconductores.madrimasd.org\/wp-content\/uploads\/2024\/05\/Imagen1-7.png\" data-attachment-id=\"2513\"  alt=\"\" title=\"Imagen1\" \/><\/a><\/div><figcaption hidden=\"\"><\/figcaption><\/figure><\/div><\/div><\/div><\/div><\/div><\/div><\/div><\/div><div class=\"vce-row-container\" data-vce-boxed-width=\"true\"><div class=\"vce-row vce-row--col-gap-30 vce-row-equal-height vce-row-content--top\" id=\"el-05f854fe\" data-vce-do-apply=\"all el-05f854fe\"><div class=\"vce-content-background-container\"><\/div><div class=\"vce-row-content\" data-vce-element-content=\"true\"><div class=\"vce-col vce-col--md-33p vce-col--xs-1 vce-col--xs-last vce-col--xs-first vce-col--sm-last vce-col--sm-first vce-col--md-first vce-col--lg-first vce-col--xl-first\" id=\"el-6cfd9787\"><div class=\"vce-col-inner\" data-vce-do-apply=\"border margin background  el-6cfd9787\"><div class=\"vce-col-content\" data-vce-element-content=\"true\" data-vce-do-apply=\"padding el-6cfd9787\"><div class=\"vce-faq-toggle vce-faq-toggle-color--fff vce-faq-toggle-shape-color--b-184-46-36 vce-faq-toggle-shape--rounded\"><div class=\"vce-faq-toggle-wrapper vce\" id=\"el-51861c37\" data-vce-do-apply=\"margin padding border background  el-51861c37\"><div class=\"vce-faq-toggle-inner\"><div class=\"vce-faq-toggle-title\"><h6 class=\"vce-faq-toggle-title-text\" aria-controls=\"faqToggle-51861c37\" aria-expanded=\"false\"><i class=\"vce-faq-toggle-icon\"><\/i>Broadcom Anuncia una Inversi\u00f3n de 1,000 Millones de Euros en una Nueva F\u00e1brica de Semiconductores en Espa\u00f1a<\/h6><\/div><div class=\"vce-faq-toggle-text-block\" role=\"region\" id=\"faqToggle-51861c37\"><p>Broadcom ha confirmado su plan para construir una f\u00e1brica de chips en Espa\u00f1a, con una inversi\u00f3n cercana a los 1,000 millones de euros. Esta iniciativa forma parte del programa PERTE Chip, que busca fortalecer la capacidad de producci\u00f3n e investigaci\u00f3n en el sector de semiconductores en Europa. Esta inversi\u00f3n no solo subraya la confianza de Broadcom en el mercado espa\u00f1ol, sino que tambi\u00e9n posiciona a Espa\u00f1a como un hub clave en la industria global de semiconductores, promoviendo la innovaci\u00f3n y el desarrollo tecnol\u00f3gico en diversas industrias.<\/p><\/div><\/div><\/div><\/div><\/div><\/div><\/div><div class=\"vce-col vce-col--md-33p vce-col--xs-1 vce-col--xs-last vce-col--xs-first vce-col--sm-last vce-col--sm-first\" id=\"el-9f1ece12\"><div class=\"vce-col-inner\" data-vce-do-apply=\"border margin background  el-9f1ece12\"><div class=\"vce-col-content\" data-vce-element-content=\"true\" data-vce-do-apply=\"padding el-9f1ece12\"><div class=\"vce-faq-toggle vce-faq-toggle-color--fff vce-faq-toggle-shape-color--b-184-46-36 vce-faq-toggle-shape--rounded\"><div class=\"vce-faq-toggle-wrapper vce\" id=\"el-578d9cd4\" data-vce-do-apply=\"margin padding border background  el-578d9cd4\"><div class=\"vce-faq-toggle-inner\"><div class=\"vce-faq-toggle-title\"><h6 class=\"vce-faq-toggle-title-text\" aria-controls=\"faqToggle-578d9cd4\" aria-expanded=\"false\"><i class=\"vce-faq-toggle-icon\"><\/i>El mi\u00e9rcoles 5 de junio se realiz\u00f3 una reuni\u00f3n del Comit\u00e9 Ejecutivo de CITT Semiconductores <\/h6><\/div><div class=\"vce-faq-toggle-text-block\" role=\"region\" id=\"faqToggle-578d9cd4\"><p>Se discutieron temas cruciales sobre el futuro del cl\u00faster, la presencia en la Asamble General del ESRA y el desarrollo del Curso de verano de la UCM.<\/p><\/div><\/div><\/div><\/div><\/div><\/div><\/div><div class=\"vce-col vce-col--md-auto vce-col--xs-1 vce-col--xs-last vce-col--xs-first vce-col--sm-last vce-col--sm-first vce-col--md-last vce-col--lg-last vce-col--xl-last\" id=\"el-4efef957\"><div class=\"vce-col-inner\" data-vce-do-apply=\"border margin background  el-4efef957\"><div class=\"vce-col-content\" data-vce-element-content=\"true\" data-vce-do-apply=\"padding el-4efef957\"><div class=\"vce-faq-toggle vce-faq-toggle-color--fff vce-faq-toggle-shape-color--b-184-46-36 vce-faq-toggle-shape--rounded\"><div class=\"vce-faq-toggle-wrapper vce\" id=\"el-25f96c57\" data-vce-do-apply=\"margin padding border background  el-25f96c57\"><div class=\"vce-faq-toggle-inner\"><div class=\"vce-faq-toggle-title\"><h6 class=\"vce-faq-toggle-title-text\" aria-controls=\"faqToggle-25f96c57\" aria-expanded=\"false\"><i class=\"vce-faq-toggle-icon\"><\/i>TSMC Puede Desactivar sus F\u00e1bricas de Chips si China Invade Taiw\u00e1n<\/h6><\/div><div class=\"vce-faq-toggle-text-block\" role=\"region\" id=\"faqToggle-25f96c57\"><p>Taiwan Semiconductor Manufacturing Co. (TSMC) ha implementado un sistema de apagado remoto para proteger sus avanzadas m\u00e1quinas de fabricaci\u00f3n de chips EUV, suministradas por ASML Holdings, en caso de una invasi\u00f3n de China a Taiw\u00e1n. Este mecanismo permite desactivar las m\u00e1quinas a distancia, asegurando que la tecnolog\u00eda cr\u00edtica no caiga en manos equivocadas.<\/p>\n<p>En una reuni\u00f3n reciente con oficiales del gobierno de EE. UU., se confirm\u00f3 que ASML puede forzar un apagado permanente desde sus oficinas en Veldhoven, lo que neutralizar\u00eda cualquier intento de tomar control de la tecnolog\u00eda. Esta estrategia protege la infraestructura de TSMC y asegura la integridad de la cadena de suministro global de semiconductores, vital para las industrias electr\u00f3nica y automotriz.<\/p><\/div><\/div><\/div><\/div><\/div><\/div><\/div><\/div><\/div><\/div><div class=\"vce-row-container\" data-vce-boxed-width=\"true\"><div class=\"vce-row vce-row--col-gap-30 vce-row-equal-height vce-row-content--top\" id=\"el-923059b3\" data-vce-do-apply=\"all el-923059b3\"><div class=\"vce-row-content\" data-vce-element-content=\"true\"><div class=\"vce-col vce-col--md-33p vce-col--xs-1 vce-col--xs-last vce-col--xs-first vce-col--sm-last vce-col--sm-first vce-col--md-first vce-col--lg-first vce-col--xl-first\" id=\"el-5e93bcce\"><div class=\"vce-col-inner\" data-vce-do-apply=\"border margin background  el-5e93bcce\"><div class=\"vce-col-content\" data-vce-element-content=\"true\" data-vce-do-apply=\"padding el-5e93bcce\"><div class=\"vce-single-image-container vce-single-image--align-left\"><div class=\"vce vce-single-image-wrapper\" id=\"el-3f54bdc7\" data-vce-do-apply=\"all el-3f54bdc7\"><figure><div class=\"vce-single-image-figure-inner\" style=\"width: 1024px;\"><a href=\"https:\/\/www.esra-org.eu\/#top\" title=\"\" target=\"_blank\" class=\"vce-single-image-inner vce-single-image--absolute vce-single-image--border-rounded\" style=\"width: 100%; padding-bottom: 66.6016%;\"><img loading=\"lazy\" decoding=\"async\" class=\"vce-single-image\"  width=\"1024\" height=\"682\" srcset=\"https:\/\/citt-semiconductores.madrimasd.org\/wp-content\/uploads\/2024\/05\/foto-ESRA-1024x683.jpg 1024w, https:\/\/citt-semiconductores.madrimasd.org\/wp-content\/uploads\/2024\/05\/foto-ESRA-320x213.jpg 320w, https:\/\/citt-semiconductores.madrimasd.org\/wp-content\/uploads\/2024\/05\/foto-ESRA-480x320.jpg 480w, https:\/\/citt-semiconductores.madrimasd.org\/wp-content\/uploads\/2024\/05\/foto-ESRA-800x533.jpg 800w\" src=\"https:\/\/citt-semiconductores.madrimasd.org\/wp-content\/uploads\/2024\/05\/foto-ESRA-1024x683.jpg\" data-img-src=\"https:\/\/citt-semiconductores.madrimasd.org\/wp-content\/uploads\/2024\/05\/foto-ESRA.jpg\" data-attachment-id=\"2511\"  alt=\"\" title=\"foto ESRA\" \/><\/a><\/div><figcaption hidden=\"\"><\/figcaption><\/figure><\/div><\/div><\/div><\/div><\/div><div class=\"vce-col vce-col--md-34p vce-col--xs-1 vce-col--xs-last vce-col--xs-first vce-col--sm-last vce-col--sm-first\" id=\"el-efd7afbf\"><div class=\"vce-col-inner\" data-vce-do-apply=\"border margin background  el-efd7afbf\"><div class=\"vce-col-content\" data-vce-element-content=\"true\" data-vce-do-apply=\"padding el-efd7afbf\"><div class=\"vce-single-image-container vce-single-image--align-left\"><div class=\"vce vce-single-image-wrapper\" id=\"el-af388800\" data-vce-do-apply=\"all el-af388800\"><figure><div class=\"vce-single-image-figure-inner\" style=\"width: 777px;\"><a href=\"https:\/\/www.mintur.gob.es\/es-es\/gabineteprensa\/notasprensa\/2024\/documents\/20240514%20np%20perte%20chip.pdf\" title=\"\" target=\"_blank\" class=\"vce-single-image-inner vce-single-image--absolute vce-single-image--border-rounded\" style=\"width: 100%; padding-bottom: 65.3797%;\"><img loading=\"lazy\" decoding=\"async\" class=\"vce-single-image\"  width=\"777\" height=\"508\" srcset=\"https:\/\/citt-semiconductores.madrimasd.org\/wp-content\/uploads\/2024\/05\/Imagen1-5-320x209.png 320w, https:\/\/citt-semiconductores.madrimasd.org\/wp-content\/uploads\/2024\/05\/Imagen1-5-480x314.png 480w, https:\/\/citt-semiconductores.madrimasd.org\/wp-content\/uploads\/2026\/04\/Imagen1-5-777x508.png 777w\" src=\"https:\/\/citt-semiconductores.madrimasd.org\/wp-content\/uploads\/2026\/04\/Imagen1-5-777x508.png\" data-img-src=\"https:\/\/citt-semiconductores.madrimasd.org\/wp-content\/uploads\/2024\/05\/Imagen1-5.png\" data-attachment-id=\"2483\"  alt=\"\" title=\"Imagen1\" \/><\/a><\/div><figcaption hidden=\"\"><\/figcaption><\/figure><\/div><\/div><\/div><\/div><\/div><div class=\"vce-col vce-col--md-auto vce-col--xs-1 vce-col--xs-last vce-col--xs-first vce-col--sm-last vce-col--sm-first vce-col--md-last vce-col--lg-last vce-col--xl-last\" id=\"el-27dd4785\"><div class=\"vce-col-inner\" data-vce-do-apply=\"border margin background  el-27dd4785\"><div class=\"vce-col-content\" data-vce-element-content=\"true\" data-vce-do-apply=\"padding el-27dd4785\"><div class=\"vce-single-image-container vce-single-image--align-left\"><div class=\"vce vce-single-image-wrapper\" id=\"el-059b9c94\" data-vce-do-apply=\"all el-059b9c94\"><figure><div class=\"vce-single-image-figure-inner\" style=\"width: 700px;\"><a href=\"https:\/\/cursosveranoucm.com\/cursos\/74302\/\" title=\"\" target=\"_blank\" class=\"vce-single-image-inner vce-single-image--absolute vce-single-image--border-rounded\" style=\"width: 100%; padding-bottom: 68%;\"><img loading=\"lazy\" decoding=\"async\" class=\"vce-single-image\"  width=\"700\" height=\"476\" srcset=\"https:\/\/citt-semiconductores.madrimasd.org\/wp-content\/uploads\/2024\/05\/Imagen2-320x218.png 320w, https:\/\/citt-semiconductores.madrimasd.org\/wp-content\/uploads\/2024\/05\/Imagen2-480x326.png 480w, https:\/\/citt-semiconductores.madrimasd.org\/wp-content\/uploads\/2026\/04\/Imagen2-700x476.png 700w\" src=\"https:\/\/citt-semiconductores.madrimasd.org\/wp-content\/uploads\/2026\/04\/Imagen2-700x476.png\" data-img-src=\"https:\/\/citt-semiconductores.madrimasd.org\/wp-content\/uploads\/2024\/05\/Imagen2.png\" data-attachment-id=\"2467\"  alt=\"\" title=\"Imagen2\" \/><\/a><\/div><figcaption hidden=\"\"><\/figcaption><\/figure><\/div><\/div><\/div><\/div><\/div><\/div><\/div><\/div><div class=\"vce-row-container\" data-vce-boxed-width=\"true\"><div class=\"vce-row vce-row--col-gap-30 vce-row-equal-height vce-row-content--top\" id=\"el-597b912e\" data-vce-do-apply=\"all el-597b912e\"><div class=\"vce-row-content\" data-vce-element-content=\"true\"><div class=\"vce-col vce-col--md-33p vce-col--xs-1 vce-col--xs-last vce-col--xs-first vce-col--sm-last vce-col--sm-first vce-col--md-first vce-col--lg-first vce-col--xl-first\" id=\"el-e6c981bf\"><div class=\"vce-col-inner\" data-vce-do-apply=\"border margin background  el-e6c981bf\"><div class=\"vce-col-content\" data-vce-element-content=\"true\" data-vce-do-apply=\"padding el-e6c981bf\"><div class=\"vce-faq-toggle vce-faq-toggle-color--fff vce-faq-toggle-shape-color--b-184-46-36 vce-faq-toggle-shape--rounded\"><div class=\"vce-faq-toggle-wrapper vce\" id=\"el-de3ca4ff\" data-vce-do-apply=\"margin padding border background  el-de3ca4ff\"><div class=\"vce-faq-toggle-inner\"><div class=\"vce-faq-toggle-title\"><h6 class=\"vce-faq-toggle-title-text\" aria-controls=\"faqToggle-de3ca4ff\" aria-expanded=\"false\"><i class=\"vce-faq-toggle-icon\"><\/i>El Cl\u00faster de Semiconductores de Madrid asiste a la Asamblea General de ESRA en Dresde<\/h6><\/div><div class=\"vce-faq-toggle-text-block\" role=\"region\" id=\"faqToggle-de3ca4ff\"><p>Dresde, Sajonia - El 29 de mayo de 2024, el Cl\u00faster de Semiconductores de Madrid particip\u00f3 en la Asamblea General Anual de la European Semiconductor Regions Alliance (ESRA). El evento, celebrado en Dresde, reuni\u00f3 a representantes de regiones europeas clave para discutir estrategias y avances en el fortalecimiento del ecosistema de semiconductores en Europa.<\/p>\n<p>Durante la asamblea, se adopt\u00f3 un documento de posici\u00f3n que subraya la importancia de las regiones en la industria de semiconductores y la necesidad de una colaboraci\u00f3n estrecha para impulsar la innovaci\u00f3n y la competitividad. Los participantes destacaron el papel fundamental de las regiones en la creaci\u00f3n de conexiones y la provisi\u00f3n de infraestructura esencial, como redes de transporte, instituciones educativas y suministros de energ\u00eda.<\/p>\n<p>El Cl\u00faster de Semiconductores de Madrid reafirm\u00f3 su compromiso con los objetivos del European Chips Act, que busca aumentar la capacidad de producci\u00f3n de chips de Europa al 20% del total mundial para 2030. La asamblea tambi\u00e9n abord\u00f3 la necesidad de apoyar a las PYMEs, fomentar la educaci\u00f3n en STEM y garantizar un entorno regulatorio estable para la industria.<\/p>\n<p>Este encuentro representa un paso significativo hacia la consolidaci\u00f3n de una industria de semiconductores fuerte y resiliente en Europa, con el Cl\u00faster de Semiconductores de Madrid desempe\u00f1ando un papel activo en estos esfuerzos.<\/p><\/div><\/div><\/div><\/div><\/div><\/div><\/div><div class=\"vce-col vce-col--md-33p vce-col--xs-1 vce-col--xs-last vce-col--xs-first vce-col--sm-last vce-col--sm-first\" id=\"el-0f819521\"><div class=\"vce-col-inner\" data-vce-do-apply=\"border margin background  el-0f819521\"><div class=\"vce-col-content\" data-vce-element-content=\"true\" data-vce-do-apply=\"padding el-0f819521\"><div class=\"vce-faq-toggle vce-faq-toggle-color--fff vce-faq-toggle-shape-color--b-184-46-36 vce-faq-toggle-shape--rounded\"><div class=\"vce-faq-toggle-wrapper vce\" id=\"el-2009e578\" data-vce-do-apply=\"margin padding border background  el-2009e578\"><div class=\"vce-faq-toggle-inner\"><div class=\"vce-faq-toggle-title\"><h6 class=\"vce-faq-toggle-title-text\" aria-controls=\"faqToggle-2009e578\" aria-expanded=\"false\"><i class=\"vce-faq-toggle-icon\"><\/i>Una de las empresas pertenecientes al CITT Semiconductores, ha resultado beneficiaria de las ayudas referente al \u201cProyecto Importante de Inter\u00e9s Com\u00fan\u201d de Microelectr\u00f3nica y Tecnolog\u00edas de la Comunicaci\u00f3n <\/h6><\/div><div class=\"vce-faq-toggle-text-block\" role=\"region\" id=\"faqToggle-2009e578\"><p><span style=\"font-size: 10pt;\">KDPOF, empresa perteneciente al CITT Semiconductores <strong>ha obtenido 26,82 millones de euros<\/strong> (resoluci\u00f3n provisional) a trav\u00e9s del PERTE CHIP para participar en el IPCEI ME-TC para la ejecuci\u00f3n de un<strong> proyecto centrado en el desarrollo de transceptores \u00f3pticos para comunicaciones en el sector automotriz<\/strong>, adem\u00e1s de establecer una instalaci\u00f3n de ensamblaje y prueba de circuitos integrados<\/span><\/p><\/div><\/div><\/div><\/div><\/div><\/div><\/div><div class=\"vce-col vce-col--md-auto vce-col--xs-1 vce-col--xs-last vce-col--xs-first vce-col--sm-last vce-col--sm-first vce-col--md-last vce-col--lg-last vce-col--xl-last\" id=\"el-89a0e95b\"><div class=\"vce-col-inner\" data-vce-do-apply=\"border margin background  el-89a0e95b\"><div class=\"vce-col-content\" data-vce-element-content=\"true\" data-vce-do-apply=\"padding el-89a0e95b\"><div class=\"vce-faq-toggle vce-faq-toggle-color--fff vce-faq-toggle-shape-color--b-184-46-36 vce-faq-toggle-shape--rounded\"><div class=\"vce-faq-toggle-wrapper vce\" id=\"el-f8768fd7\" data-vce-do-apply=\"margin padding border background  el-f8768fd7\"><div class=\"vce-faq-toggle-inner\"><div class=\"vce-faq-toggle-title\"><h6 class=\"vce-faq-toggle-title-text\" aria-controls=\"faqToggle-f8768fd7\" aria-expanded=\"false\"><i class=\"vce-faq-toggle-icon\"><\/i>Celebramos la primera edici\u00f3n de nuestro innovador curso \"Siliconomy: \u00a1Del Silicio a la Econom\u00eda Digital!<\/h6><\/div><div class=\"vce-faq-toggle-text-block\" role=\"region\" id=\"faqToggle-f8768fd7\"><p><span style=\"font-size: 10pt;\">Este a\u00f1o, nos complace lanzar un programa intensivo que conecta la evoluci\u00f3n de los semiconductores con el desarrollo digital y su impacto econ\u00f3mico global.<\/span><\/p><\/div><\/div><\/div><\/div><\/div><\/div><\/div><\/div><\/div><\/div><div class=\"vce-row-container\" data-vce-boxed-width=\"true\"><div class=\"vce-row vce-row--col-gap-30 vce-row-equal-height vce-row-content--top\" id=\"el-1683c702\" data-vce-do-apply=\"all el-1683c702\"><div class=\"vce-row-content\" data-vce-element-content=\"true\"><div class=\"vce-col vce-col--md-auto vce-col--xs-1 vce-col--xs-last vce-col--xs-first vce-col--sm-last vce-col--sm-first vce-col--md-last vce-col--lg-last vce-col--xl-last vce-col--md-first vce-col--lg-first vce-col--xl-first\" id=\"el-f6a76c19\"><div class=\"vce-col-inner\" data-vce-do-apply=\"border margin background  el-f6a76c19\"><div class=\"vce-col-content\" data-vce-element-content=\"true\" data-vce-do-apply=\"padding el-f6a76c19\"><div class=\"vce-row-container\" data-vce-boxed-width=\"true\"><div class=\"vce-row vce-row--col-gap-30 vce-row-equal-height vce-row-content--top\" id=\"el-634ce5c4\" data-vce-do-apply=\"all el-634ce5c4\"><div class=\"vce-row-content\" data-vce-element-content=\"true\"><div class=\"vce-col vce-col--md-33p vce-col--xs-1 vce-col--xs-last vce-col--xs-first vce-col--sm-last vce-col--sm-first vce-col--md-first vce-col--lg-first vce-col--xl-first\" id=\"el-90f44971\"><div class=\"vce-col-inner\" data-vce-do-apply=\"border margin background  el-90f44971\"><div class=\"vce-col-content\" data-vce-element-content=\"true\" data-vce-do-apply=\"padding el-90f44971\"><div class=\"vce-single-image-container vce-single-image--align-left\"><div class=\"vce vce-single-image-wrapper\" id=\"el-c8df440d\" data-vce-do-apply=\"all el-c8df440d\"><figure><div class=\"vce-single-image-figure-inner\" style=\"width: 478px;\"><a href=\"https:\/\/www.linkedin.com\/feed\/update\/urn:li:activity:7193295625692540928\" title=\"\" target=\"_blank\" class=\"vce-single-image-inner vce-single-image--absolute vce-single-image--border-rounded\" style=\"width: 100%; padding-bottom: 76.1506%;\"><img loading=\"lazy\" decoding=\"async\" class=\"vce-single-image\"  width=\"478\" height=\"364\" srcset=\"https:\/\/citt-semiconductores.madrimasd.org\/wp-content\/uploads\/2024\/05\/Imagen1-4-320x244.png 320w, https:\/\/citt-semiconductores.madrimasd.org\/wp-content\/uploads\/2026\/04\/Imagen1-4-478x364.png 478w\" src=\"https:\/\/citt-semiconductores.madrimasd.org\/wp-content\/uploads\/2026\/04\/Imagen1-4-478x364.png\" data-img-src=\"https:\/\/citt-semiconductores.madrimasd.org\/wp-content\/uploads\/2024\/05\/Imagen1-4.png\" data-attachment-id=\"2466\"  alt=\"\" title=\"Imagen1\" \/><\/a><\/div><figcaption hidden=\"\"><\/figcaption><\/figure><\/div><\/div><\/div><\/div><\/div><div class=\"vce-col vce-col--md-33p vce-col--xs-1 vce-col--xs-last vce-col--xs-first vce-col--sm-last vce-col--sm-first\" id=\"el-6ec359e9\"><div class=\"vce-col-inner\" data-vce-do-apply=\"border margin background  el-6ec359e9\"><div class=\"vce-col-content\" data-vce-element-content=\"true\" data-vce-do-apply=\"padding el-6ec359e9\"><div class=\"vce-single-image-container vce-single-image--align-center\"><div class=\"vce vce-single-image-wrapper\" id=\"el-98d0f585\" data-vce-do-apply=\"all el-98d0f585\"><figure><div class=\"vce-single-image-figure-inner\" style=\"width: 1024px;\"><a href=\"https:\/\/citt-semiconductores.madrimasd.org\/wp-content\/uploads\/2024\/02\/Nota-prensa-SUMMIT-20-02-24_v2.pdf\" title=\"\" target=\"_blank\" class=\"vce-single-image-inner vce-single-image--absolute\" style=\"width: 100%; padding-bottom: 75%;\"><img loading=\"lazy\" decoding=\"async\" class=\"vce-single-image\"  width=\"1024\" height=\"768\" srcset=\"https:\/\/citt-semiconductores.madrimasd.org\/wp-content\/uploads\/2024\/02\/imagen-1024x768.jpg 1024w, https:\/\/citt-semiconductores.madrimasd.org\/wp-content\/uploads\/2024\/02\/imagen-2048x1536.jpg 2x, https:\/\/citt-semiconductores.madrimasd.org\/wp-content\/uploads\/2024\/02\/imagen-320x240.jpg 320w, https:\/\/citt-semiconductores.madrimasd.org\/wp-content\/uploads\/2024\/02\/imagen-480x360.jpg 480w, https:\/\/citt-semiconductores.madrimasd.org\/wp-content\/uploads\/2024\/02\/imagen-800x600.jpg 800w\" src=\"https:\/\/citt-semiconductores.madrimasd.org\/wp-content\/uploads\/2024\/02\/imagen-1024x768.jpg\" data-img-src=\"https:\/\/citt-semiconductores.madrimasd.org\/wp-content\/uploads\/2024\/02\/imagen-scaled.jpg\" data-attachment-id=\"2315\"  alt=\"\" title=\"imagen\" \/><\/a><\/div><figcaption hidden=\"\"><\/figcaption><\/figure><\/div><\/div><\/div><\/div><\/div><div class=\"vce-col vce-col--md-auto vce-col--xs-1 vce-col--xs-last vce-col--xs-first vce-col--sm-last vce-col--sm-first vce-col--md-last vce-col--lg-last vce-col--xl-last\" id=\"el-75ddfad8\"><div class=\"vce-col-inner\" data-vce-do-apply=\"border margin background  el-75ddfad8\"><div class=\"vce-col-content\" data-vce-element-content=\"true\" data-vce-do-apply=\"padding el-75ddfad8\"><div class=\"vce-single-image-container vce-single-image--align-left\"><div class=\"vce vce-single-image-wrapper\" id=\"el-76e19de6\" data-vce-do-apply=\"all el-76e19de6\"><figure><div class=\"vce-single-image-figure-inner\" style=\"width: 1024px;\"><div class=\"vce-single-image-inner vce-single-image--absolute vce-single-image--border-rounded\" style=\"width: 100%; padding-bottom: 54.1016%;\"><img loading=\"lazy\" decoding=\"async\" class=\"vce-single-image\"  width=\"1024\" height=\"554\" srcset=\"https:\/\/citt-semiconductores.madrimasd.org\/wp-content\/uploads\/2024\/02\/Reunion-CE-e1707825676565-1024x554.png 1024w, https:\/\/citt-semiconductores.madrimasd.org\/wp-content\/uploads\/2024\/02\/Reunion-CE-e1707825676565-320x173.png 320w, https:\/\/citt-semiconductores.madrimasd.org\/wp-content\/uploads\/2024\/02\/Reunion-CE-e1707825676565-480x260.png 480w, https:\/\/citt-semiconductores.madrimasd.org\/wp-content\/uploads\/2024\/02\/Reunion-CE-e1707825676565-800x433.png 800w\" src=\"https:\/\/citt-semiconductores.madrimasd.org\/wp-content\/uploads\/2024\/02\/Reunion-CE-e1707825676565-1024x554.png\" data-img-src=\"https:\/\/citt-semiconductores.madrimasd.org\/wp-content\/uploads\/2024\/02\/Reunion-CE-e1707825676565.png\" data-attachment-id=\"2307\"  alt=\"\" title=\"Reuni\u00f3n CE\" \/><\/div><\/div><figcaption hidden=\"\"><\/figcaption><\/figure><\/div><\/div><\/div><\/div><\/div><\/div><\/div><\/div><\/div><\/div><\/div><\/div><\/div><\/div><div class=\"vce-row-container\" data-vce-boxed-width=\"true\"><div class=\"vce-row vce-row--col-gap-30 vce-row-equal-height vce-row-content--top\" id=\"el-3d1bf45d\" data-vce-do-apply=\"all el-3d1bf45d\"><div class=\"vce-row-content\" data-vce-element-content=\"true\"><div class=\"vce-col vce-col--md-auto vce-col--xs-1 vce-col--xs-last vce-col--xs-first vce-col--sm-last vce-col--sm-first vce-col--md-last vce-col--lg-last vce-col--xl-last vce-col--md-first vce-col--lg-first vce-col--xl-first\" id=\"el-8eb513ed\"><div class=\"vce-col-inner\" data-vce-do-apply=\"border margin background  el-8eb513ed\"><div class=\"vce-col-content\" data-vce-element-content=\"true\" data-vce-do-apply=\"padding el-8eb513ed\"><div class=\"vce-row-container\" data-vce-boxed-width=\"true\"><div class=\"vce-row vce-row--col-gap-30 vce-row-equal-height vce-row-content--top\" id=\"el-36b3f9ae\" data-vce-do-apply=\"all el-36b3f9ae\"><div class=\"vce-row-content\" data-vce-element-content=\"true\"><div class=\"vce-col vce-col--md-auto vce-col--xs-1 vce-col--xs-last vce-col--xs-first vce-col--sm-last vce-col--sm-first vce-col--md-first vce-col--lg-first vce-col--xl-first\" id=\"el-657ee3dd\"><div class=\"vce-col-inner\" data-vce-do-apply=\"border margin background  el-657ee3dd\"><div class=\"vce-col-content\" data-vce-element-content=\"true\" data-vce-do-apply=\"padding el-657ee3dd\"><div class=\"vce-faq-toggle vce-faq-toggle-color--fff vce-faq-toggle-shape-color--b-184-46-36 vce-faq-toggle-shape--rounded\"><div class=\"vce-faq-toggle-wrapper vce\" id=\"el-97a47762\" data-vce-do-apply=\"margin padding border background  el-97a47762\"><div class=\"vce-faq-toggle-inner\"><div class=\"vce-faq-toggle-title\"><h6 class=\"vce-faq-toggle-title-text\" aria-controls=\"faqToggle-97a47762\" aria-expanded=\"false\"><i class=\"vce-faq-toggle-icon\"><\/i>El 6 de mayo fue el taller sobre Compra P\u00fablica de Innovaci\u00f3n en la Fundaci\u00f3n Madri+d<\/h6><\/div><div class=\"vce-faq-toggle-text-block\" role=\"region\" id=\"faqToggle-97a47762\"><p><span style=\"font-size: 10pt;\">Se explor\u00f3 c\u00f3mo la CPI puede ser un motor de innovaci\u00f3n para los cl\u00fasters de Madrid.<\/span><\/p><\/div><\/div><\/div><\/div><\/div><\/div><\/div><div class=\"vce-col vce-col--md-auto vce-col--xs-1 vce-col--xs-last vce-col--xs-first vce-col--sm-last vce-col--sm-first\" id=\"el-7fb2f10f\"><div class=\"vce-col-inner\" data-vce-do-apply=\"border margin background  el-7fb2f10f\"><div class=\"vce-col-content\" data-vce-element-content=\"true\" data-vce-do-apply=\"padding el-7fb2f10f\"><div class=\"vce-faq-toggle vce-faq-toggle-color--fff vce-faq-toggle-shape-color--b-184-46-36 vce-faq-toggle-shape--rounded\"><div class=\"vce-faq-toggle-wrapper vce\" id=\"el-0735de60\" data-vce-do-apply=\"margin padding border background  el-0735de60\"><div class=\"vce-faq-toggle-inner\"><div class=\"vce-faq-toggle-title\"><h6 class=\"vce-faq-toggle-title-text\" aria-controls=\"faqToggle-0735de60\" aria-expanded=\"false\"><i class=\"vce-faq-toggle-icon\"><\/i>El 20 de febrero se celebr\u00f3 el Summit de Q1 del Cl\u00faster de Semiconductores de la Comunidad de Madrid<\/h6><\/div><div class=\"vce-faq-toggle-text-block\" role=\"region\" id=\"faqToggle-0735de60\"><p><span style=\"font-size: 10pt;\">El 20 de febrero se celebr\u00f3 el Summit de Q1 del Cl\u00faster de Semiconductores de la Comunidad de Madrid<\/span><\/p><\/div><\/div><\/div><\/div><\/div><\/div><\/div><div class=\"vce-col vce-col--md-auto vce-col--xs-1 vce-col--xs-last vce-col--xs-first vce-col--sm-last vce-col--sm-first vce-col--md-last vce-col--lg-last vce-col--xl-last\" id=\"el-423b2a0e\"><div class=\"vce-col-inner\" data-vce-do-apply=\"border margin background  el-423b2a0e\"><div class=\"vce-col-content\" data-vce-element-content=\"true\" data-vce-do-apply=\"padding el-423b2a0e\"><div class=\"vce-faq-toggle vce-faq-toggle-color--fff vce-faq-toggle-shape-color--b-184-46-36 vce-faq-toggle-shape--rounded\"><div class=\"vce-faq-toggle-wrapper vce\" id=\"el-c64f3364\" data-vce-do-apply=\"margin padding border background  el-c64f3364\"><div class=\"vce-faq-toggle-inner\"><div class=\"vce-faq-toggle-title\"><h6 class=\"vce-faq-toggle-title-text\" aria-controls=\"faqToggle-c64f3364\" aria-expanded=\"false\"><i class=\"vce-faq-toggle-icon\"><\/i>El pasado 31 de Enero se realiz\u00f3 la primera reuni\u00f3n del Comite Ejecutivo del CITT de Semiconductores del a\u00f1o<\/h6><\/div><div class=\"vce-faq-toggle-text-block\" role=\"region\" id=\"faqToggle-c64f3364\"><p style=\"text-align: justify;\"><span style=\"font-size: 10pt;\">El Comit\u00e9 Ejecutivo del CITI traza el camino hacia el crecimiento sostenido en el 2024: definiendo estrategias clave en la primera reuni\u00f3n del a\u00f1o para impulsar la excelencia y la expansi\u00f3n del Cl\u00faster.<\/span><\/p><\/div><\/div><\/div><\/div><\/div><\/div><\/div><\/div><\/div><\/div><\/div><\/div><\/div><\/div><\/div><\/div><div class=\"vce-row-container\" data-vce-boxed-width=\"true\"><div class=\"vce-row vce-row--col-gap-30 vce-row-equal-height vce-row-content--top\" id=\"el-0c89ba43\" data-vce-do-apply=\"all el-0c89ba43\"><div class=\"vce-row-content\" data-vce-element-content=\"true\"><div class=\"vce-col vce-col--md-auto vce-col--xs-1 vce-col--xs-last vce-col--xs-first vce-col--sm-last vce-col--sm-first vce-col--md-first vce-col--lg-first vce-col--xl-first\" id=\"el-171fec49\"><div class=\"vce-col-inner\" data-vce-do-apply=\"border margin background  el-171fec49\"><div class=\"vce-col-content\" data-vce-element-content=\"true\" data-vce-do-apply=\"padding el-171fec49\"><div class=\"vce-single-image-container vce-single-image--align-left\"><div class=\"vce vce-single-image-wrapper\" id=\"el-efbf95e5\" data-vce-do-apply=\"all el-efbf95e5\"><figure><div class=\"vce-single-image-figure-inner\" style=\"width: 1024px;\"><a href=\"https:\/\/www.comunidad.madrid\/noticias\/2024\/01\/16\/comunidad-madrid-incorpora-alianza-europea-regiones-aumentar-produccion-semiconductores\" title=\"\" target=\"_blank\" class=\"vce-single-image-inner vce-single-image--absolute vce-single-image--border-rounded\" style=\"width: 100%; padding-bottom: 56.1523%;\"><img loading=\"lazy\" decoding=\"async\" class=\"vce-single-image\"  width=\"1024\" height=\"575\" srcset=\"https:\/\/citt-semiconductores.madrimasd.org\/wp-content\/uploads\/2024\/02\/noticia-1-1024x576.jpg 1024w, https:\/\/citt-semiconductores.madrimasd.org\/wp-content\/uploads\/2024\/02\/noticia-1-320x180.jpg 320w, https:\/\/citt-semiconductores.madrimasd.org\/wp-content\/uploads\/2024\/02\/noticia-1-480x270.jpg 480w, https:\/\/citt-semiconductores.madrimasd.org\/wp-content\/uploads\/2024\/02\/noticia-1-800x450.jpg 800w\" src=\"https:\/\/citt-semiconductores.madrimasd.org\/wp-content\/uploads\/2024\/02\/noticia-1-1024x576.jpg\" data-img-src=\"https:\/\/citt-semiconductores.madrimasd.org\/wp-content\/uploads\/2024\/02\/noticia-1.jpg\" data-attachment-id=\"2297\"  alt=\"\" title=\"noticia 1\" \/><\/a><\/div><figcaption hidden=\"\"><\/figcaption><\/figure><\/div><\/div><\/div><\/div><\/div><div class=\"vce-col vce-col--md-auto vce-col--xs-1 vce-col--xs-last vce-col--xs-first vce-col--sm-last vce-col--sm-first\" id=\"el-aa0e8d34\"><div class=\"vce-col-inner\" data-vce-do-apply=\"border margin background  el-aa0e8d34\"><div class=\"vce-col-content\" data-vce-element-content=\"true\" data-vce-do-apply=\"padding el-aa0e8d34\"><div class=\"vce-single-image-container vce-single-image--align-left\"><div class=\"vce vce-single-image-wrapper\" id=\"el-86fde2a8\" data-vce-do-apply=\"all el-86fde2a8\"><figure><div class=\"vce-single-image-figure-inner\" style=\"width: 668px;\"><a href=\"https:\/\/congreso.aesemi.org\/\" title=\"\" target=\"_blank\" class=\"vce-single-image-inner vce-single-image--absolute vce-single-image--border-rounded\" style=\"width: 100%; padding-bottom: 56.4371%;\"><img loading=\"lazy\" decoding=\"async\" class=\"vce-single-image\"  width=\"668\" height=\"377\" srcset=\"https:\/\/citt-semiconductores.madrimasd.org\/wp-content\/uploads\/2024\/02\/sgkjhfg-320x181.png 320w, https:\/\/citt-semiconductores.madrimasd.org\/wp-content\/uploads\/2024\/02\/sgkjhfg-480x271.png 480w, https:\/\/citt-semiconductores.madrimasd.org\/wp-content\/uploads\/2026\/04\/sgkjhfg-668x377.png 668w\" src=\"https:\/\/citt-semiconductores.madrimasd.org\/wp-content\/uploads\/2026\/04\/sgkjhfg-668x377.png\" data-img-src=\"https:\/\/citt-semiconductores.madrimasd.org\/wp-content\/uploads\/2024\/02\/sgkjhfg.png\" data-attachment-id=\"2304\"  alt=\"\" title=\"sgkjhfg\" \/><\/a><\/div><figcaption hidden=\"\"><\/figcaption><\/figure><\/div><\/div><\/div><\/div><\/div><div class=\"vce-col vce-col--md-auto vce-col--xs-1 vce-col--xs-last vce-col--xs-first vce-col--sm-last vce-col--sm-first vce-col--md-last vce-col--lg-last vce-col--xl-last\" id=\"el-4ce7843c\"><div class=\"vce-col-inner\" data-vce-do-apply=\"border margin background  el-4ce7843c\"><div class=\"vce-col-content\" data-vce-element-content=\"true\" data-vce-do-apply=\"padding el-4ce7843c\"><div class=\"vce-single-image-container vce-single-image--align-left\"><div class=\"vce vce-single-image-wrapper\" id=\"el-cbbebf35\" data-vce-do-apply=\"all el-cbbebf35\"><figure><div class=\"vce-single-image-figure-inner\" style=\"width: 503px;\"><a href=\"https:\/\/citt-semiconductores.madrimasd.org\/wp-content\/uploads\/2024\/02\/Nota-de-prensa-Semiconductores-evento-24-10-2023-vF.pdf\" title=\"\" target=\"_blank\" class=\"vce-single-image-inner vce-single-image--absolute vce-single-image--border-rounded\" style=\"width: 100%; padding-bottom: 57.4553%;\"><img loading=\"lazy\" decoding=\"async\" class=\"vce-single-image\"  width=\"503\" height=\"289\" srcset=\"https:\/\/citt-semiconductores.madrimasd.org\/wp-content\/uploads\/2024\/02\/Picture1-e1707817864250-320x184.jpg 320w, https:\/\/citt-semiconductores.madrimasd.org\/wp-content\/uploads\/2024\/02\/Picture1-e1707817864250-480x276.jpg 480w, https:\/\/citt-semiconductores.madrimasd.org\/wp-content\/uploads\/2026\/04\/Picture1-e1707817864250-503x289.jpg 503w\" src=\"https:\/\/citt-semiconductores.madrimasd.org\/wp-content\/uploads\/2026\/04\/Picture1-e1707817864250-503x289.jpg\" data-img-src=\"https:\/\/citt-semiconductores.madrimasd.org\/wp-content\/uploads\/2024\/02\/Picture1-e1707817864250.jpg\" data-attachment-id=\"2298\"  alt=\"\" title=\"Picture1\" \/><\/a><\/div><figcaption hidden=\"\"><\/figcaption><\/figure><\/div><\/div><\/div><\/div><\/div><\/div><\/div><\/div><div class=\"vce-row-container\" data-vce-boxed-width=\"true\"><div class=\"vce-row vce-row--col-gap-30 vce-row-equal-height vce-row-content--top\" id=\"el-3f4a02e7\" data-vce-do-apply=\"all el-3f4a02e7\"><div class=\"vce-row-content\" data-vce-element-content=\"true\"><div class=\"vce-col vce-col--md-auto vce-col--xs-1 vce-col--xs-last vce-col--xs-first vce-col--sm-last vce-col--sm-first vce-col--md-first vce-col--lg-first vce-col--xl-first\" id=\"el-67d8dfc3\"><div class=\"vce-col-inner\" data-vce-do-apply=\"border margin background  el-67d8dfc3\"><div class=\"vce-col-content\" data-vce-element-content=\"true\" data-vce-do-apply=\"padding el-67d8dfc3\"><div class=\"vce-faq-toggle vce-faq-toggle-color--fff vce-faq-toggle-shape-color--b-184-46-36 vce-faq-toggle-shape--rounded\"><div class=\"vce-faq-toggle-wrapper vce\" id=\"el-4182d936\" data-vce-do-apply=\"margin padding border background  el-4182d936\"><div class=\"vce-faq-toggle-inner\"><div class=\"vce-faq-toggle-title\"><h6 class=\"vce-faq-toggle-title-text\" aria-controls=\"faqToggle-4182d936\" aria-expanded=\"false\"><i class=\"vce-faq-toggle-icon\"><\/i>La Comunidad de Madrid se incopora a la Alianza Europea de Regiones para aumentar la producci\u00f3n de semiconductores (16 de enero 2024)<\/h6><\/div><div class=\"vce-faq-toggle-text-block\" role=\"region\" id=\"faqToggle-4182d936\"><p style=\"text-align: justify;\"><span style=\"font-size: 10pt;\">La Comunidad de Madrid ha ingresado en la Alianza Europea de Regiones para los Semiconductores (ESRA), marcando un compromiso estrat\u00e9gico para favorecer la producci\u00f3n local.<\/span><\/p><\/div><\/div><\/div><\/div><\/div><\/div><\/div><div class=\"vce-col vce-col--md-auto vce-col--xs-1 vce-col--xs-last vce-col--xs-first vce-col--sm-last vce-col--sm-first\" id=\"el-abff73af\"><div class=\"vce-col-inner\" data-vce-do-apply=\"border margin background  el-abff73af\"><div class=\"vce-col-content\" data-vce-element-content=\"true\" data-vce-do-apply=\"padding el-abff73af\"><div class=\"vce-faq-toggle vce-faq-toggle-color--b-255-255-255 vce-faq-toggle-shape-color--b-184-46-36 vce-faq-toggle-shape--rounded\"><div class=\"vce-faq-toggle-wrapper vce\" id=\"el-7b4091ef\" data-vce-do-apply=\"margin padding border background  el-7b4091ef\"><div class=\"vce-faq-toggle-inner\"><div class=\"vce-faq-toggle-title\"><h6 class=\"vce-faq-toggle-title-text\" aria-controls=\"faqToggle-7b4091ef\" aria-expanded=\"false\"><i class=\"vce-faq-toggle-icon\"><\/i>El CITT forma parte de la organizaci\u00f3n del I Congreso Nacional de la Industria de los Semiconductores (28 de noviembre 2023)<\/h6><\/div><div class=\"vce-faq-toggle-text-block\" role=\"region\" id=\"faqToggle-7b4091ef\"><p style=\"text-align: justify;\"><span style=\"font-size: 10pt;\">CHIPNATION ha sido el primer punto de encuentro del ecosistema de los semiconductores a nivel nacional, con la participaci\u00f3n de las principales empresas del sector, universidades y centros de investigaci\u00f3n, y asociaciones e instituciones de todo el pa\u00eds.<\/span><\/p><\/div><\/div><\/div><\/div><\/div><\/div><\/div><div class=\"vce-col vce-col--md-auto vce-col--xs-1 vce-col--xs-last vce-col--xs-first vce-col--sm-last vce-col--sm-first vce-col--md-last vce-col--lg-last vce-col--xl-last\" id=\"el-23b42cd4\"><div class=\"vce-col-inner\" data-vce-do-apply=\"border margin background  el-23b42cd4\"><div class=\"vce-col-content\" data-vce-element-content=\"true\" data-vce-do-apply=\"padding el-23b42cd4\"><div class=\"vce-faq-toggle vce-faq-toggle-color--b-255-255-255 vce-faq-toggle-shape-color--b-184-46-36 vce-faq-toggle-shape--rounded\"><div class=\"vce-faq-toggle-wrapper vce\" id=\"el-f0048be4\" data-vce-do-apply=\"margin padding border background  el-f0048be4\"><div class=\"vce-faq-toggle-inner\"><div class=\"vce-faq-toggle-title\"><h6 class=\"vce-faq-toggle-title-text\" aria-controls=\"faqToggle-f0048be4\" aria-expanded=\"false\"><i class=\"vce-faq-toggle-icon\"><\/i>El 24 de Octubre tuvo lugar el Summit Q4 del Cl\u00faster de Semiconductores de la Comunidad de Madrid <\/h6><\/div><div class=\"vce-faq-toggle-text-block\" role=\"region\" id=\"faqToggle-f0048be4\"><p><span style=\"font-size: 10pt;\">El encuentro ha sido uno de los eventos regulares que llevar\u00e1 a cabo el cl\u00faster en su af\u00e1n de potenciar y apoyar el desarrollo del sector. En dicho evento se han dado cita a empresas, universidades, centros de investigaci\u00f3n\u2026<\/span><\/p><\/div><\/div><\/div><\/div><\/div><\/div><\/div><\/div><\/div><\/div><div class=\"vce-row-container\" data-vce-boxed-width=\"true\"><div class=\"vce-row vce-row--col-gap-30 vce-row-equal-height vce-row-content--top\" id=\"el-17885b3b\" data-vce-do-apply=\"all el-17885b3b\"><div class=\"vce-row-content\" data-vce-element-content=\"true\"><div class=\"vce-col vce-col--md-auto vce-col--xs-1 vce-col--xs-last vce-col--xs-first vce-col--sm-last vce-col--sm-first vce-col--md-first vce-col--lg-first vce-col--xl-first\" id=\"el-2a1c33e2\"><div class=\"vce-col-inner\" data-vce-do-apply=\"border margin background  el-2a1c33e2\"><div class=\"vce-col-content\" data-vce-element-content=\"true\" data-vce-do-apply=\"padding el-2a1c33e2\"><div class=\"vce-single-image-container vce-single-image--align-left\"><div class=\"vce vce-single-image-wrapper\" id=\"el-a38f3750\" data-vce-do-apply=\"all el-a38f3750\"><figure><div class=\"vce-single-image-figure-inner\" style=\"width: 556px;\"><a href=\"https:\/\/www.linkedin.com\/posts\/citt-semiconductores_madridsemiconductorsready-activity-7125055450928037888-vNI6?utm_source=share&amp;utm_medium=member_desktop\" title=\"\" target=\"_blank\" class=\"vce-single-image-inner vce-single-image--absolute vce-single-image--border-rounded\" style=\"width: 100%; padding-bottom: 65.6475%;\"><img loading=\"lazy\" decoding=\"async\" class=\"vce-single-image\"  width=\"556\" height=\"365\" srcset=\"https:\/\/citt-semiconductores.madrimasd.org\/wp-content\/uploads\/2024\/02\/122-e1707817987881-320x210.png 320w, https:\/\/citt-semiconductores.madrimasd.org\/wp-content\/uploads\/2024\/02\/122-e1707817987881-480x315.png 480w, https:\/\/citt-semiconductores.madrimasd.org\/wp-content\/uploads\/2026\/04\/122-e1707817987881-556x365.png 556w\" src=\"https:\/\/citt-semiconductores.madrimasd.org\/wp-content\/uploads\/2026\/04\/122-e1707817987881-556x365.png\" data-img-src=\"https:\/\/citt-semiconductores.madrimasd.org\/wp-content\/uploads\/2024\/02\/122-e1707817987881.png\" data-attachment-id=\"2302\"  alt=\"\" title=\"122\" \/><\/a><\/div><figcaption hidden=\"\"><\/figcaption><\/figure><\/div><\/div><\/div><\/div><\/div><div class=\"vce-col vce-col--md-auto vce-col--xs-1 vce-col--xs-last vce-col--xs-first vce-col--sm-last vce-col--sm-first\" id=\"el-49ab5c0e\"><div class=\"vce-col-inner\" data-vce-do-apply=\"border margin background  el-49ab5c0e\"><div class=\"vce-col-content\" data-vce-element-content=\"true\" data-vce-do-apply=\"padding el-49ab5c0e\"><div class=\"vce-single-image-container vce-single-image--align-left\"><div class=\"vce vce-single-image-wrapper\" id=\"el-f304525a\" data-vce-do-apply=\"all el-f304525a\"><figure><div class=\"vce-single-image-figure-inner\" style=\"width: 700px;\"><a href=\"https:\/\/www.elmundo.es\/madrid\/2023\/10\/17\/652eb58b21efa0bd7d8b4584.html\" title=\"\" target=\"_blank\" class=\"vce-single-image-inner vce-single-image--absolute vce-single-image--border-rounded\" style=\"width: 100%; padding-bottom: 66.7143%;\"><img loading=\"lazy\" decoding=\"async\" class=\"vce-single-image\"  width=\"700\" height=\"467\" srcset=\"https:\/\/citt-semiconductores.madrimasd.org\/wp-content\/uploads\/2024\/02\/1-320x213.webp 320w, https:\/\/citt-semiconductores.madrimasd.org\/wp-content\/uploads\/2024\/02\/1-480x320.webp 480w, https:\/\/citt-semiconductores.madrimasd.org\/wp-content\/uploads\/2026\/04\/1-700x467.webp 700w\" src=\"https:\/\/citt-semiconductores.madrimasd.org\/wp-content\/uploads\/2026\/04\/1-700x467.webp\" data-img-src=\"https:\/\/citt-semiconductores.madrimasd.org\/wp-content\/uploads\/2024\/02\/1.webp\" data-attachment-id=\"2300\"  alt=\"\" title=\"1\" \/><\/a><\/div><figcaption hidden=\"\"><\/figcaption><\/figure><\/div><\/div><\/div><\/div><\/div><div class=\"vce-col vce-col--md-auto vce-col--xs-1 vce-col--xs-last vce-col--xs-first vce-col--sm-last vce-col--sm-first vce-col--md-last vce-col--lg-last vce-col--xl-last\" id=\"el-108f7012\"><div class=\"vce-col-inner\" data-vce-do-apply=\"border margin background  el-108f7012\"><div class=\"vce-col-content\" data-vce-element-content=\"true\" data-vce-do-apply=\"padding el-108f7012\"><div class=\"vce-single-image-container vce-single-image--align-left\"><div class=\"vce vce-single-image-wrapper\" id=\"el-f65b0c97\" data-vce-do-apply=\"all el-f65b0c97\"><figure><div class=\"vce-single-image-figure-inner\" style=\"width: 913px;\"><a href=\"https:\/\/www.madridiario.es\/madrimasd-acoge-constitucion-cluster\" title=\"\" target=\"_blank\" class=\"vce-single-image-inner vce-single-image--absolute vce-single-image--border-rounded\" style=\"width: 100%; padding-bottom: 66.046%;\"><img loading=\"lazy\" decoding=\"async\" class=\"vce-single-image\"  width=\"913\" height=\"603\" srcset=\"https:\/\/citt-semiconductores.madrimasd.org\/wp-content\/uploads\/2024\/02\/23-320x211.png 320w, https:\/\/citt-semiconductores.madrimasd.org\/wp-content\/uploads\/2024\/02\/23-480x317.png 480w, https:\/\/citt-semiconductores.madrimasd.org\/wp-content\/uploads\/2024\/02\/23-800x528.png 800w, https:\/\/citt-semiconductores.madrimasd.org\/wp-content\/uploads\/2026\/04\/23-913x603.png 913w\" src=\"https:\/\/citt-semiconductores.madrimasd.org\/wp-content\/uploads\/2026\/04\/23-913x603.png\" data-img-src=\"https:\/\/citt-semiconductores.madrimasd.org\/wp-content\/uploads\/2024\/02\/23.png\" data-attachment-id=\"2301\"  alt=\"\" title=\"23\" \/><\/a><\/div><figcaption hidden=\"\"><\/figcaption><\/figure><\/div><\/div><\/div><\/div><\/div><\/div><\/div><\/div><div class=\"vce-row-container\" data-vce-boxed-width=\"true\"><div class=\"vce-row vce-row--col-gap-30 vce-row-equal-height vce-row-content--top\" id=\"el-3e00c557\" data-vce-do-apply=\"all el-3e00c557\"><div class=\"vce-row-content\" data-vce-element-content=\"true\"><div class=\"vce-col vce-col--md-auto vce-col--xs-1 vce-col--xs-last vce-col--xs-first vce-col--sm-last vce-col--sm-first vce-col--md-first vce-col--lg-first vce-col--xl-first\" id=\"el-454feeaa\"><div class=\"vce-col-inner\" data-vce-do-apply=\"border margin background  el-454feeaa\"><div class=\"vce-col-content\" data-vce-element-content=\"true\" data-vce-do-apply=\"padding el-454feeaa\"><div class=\"vce-faq-toggle vce-faq-toggle-color--b-255-255-255 vce-faq-toggle-shape-color--b-184-46-36 vce-faq-toggle-shape--rounded\"><div class=\"vce-faq-toggle-wrapper vce\" id=\"el-8128bc12\" data-vce-do-apply=\"margin padding border background  el-8128bc12\"><div class=\"vce-faq-toggle-inner\"><div class=\"vce-faq-toggle-title\"><h6 class=\"vce-faq-toggle-title-text\" aria-controls=\"faqToggle-8128bc12\" aria-expanded=\"false\"><i class=\"vce-faq-toggle-icon\"><\/i>El CITT de Semiconductores presente en el Madrid Tech Show gracias a la Fundaci\u00f3n Madrid (18 de octubre)<\/h6><\/div><div class=\"vce-faq-toggle-text-block\" role=\"region\" id=\"faqToggle-8128bc12\"><p style=\"text-align: justify;\"><span style=\"font-size: 10pt;\">Un evento de primera categor\u00eda para ejecutivos y expertos en las \u00e1reas de tecnolog\u00eda cloud, ciberseguridad, big data, inteligencia artificial, centros de datos, comercio electr\u00f3nico y marketing digital.<\/span><\/p><\/div><\/div><\/div><\/div><\/div><\/div><\/div><div class=\"vce-col vce-col--md-auto vce-col--xs-1 vce-col--xs-last vce-col--xs-first vce-col--sm-last vce-col--sm-first\" id=\"el-80546eab\"><div class=\"vce-col-inner\" data-vce-do-apply=\"border margin background  el-80546eab\"><div class=\"vce-col-content\" data-vce-element-content=\"true\" data-vce-do-apply=\"padding el-80546eab\"><div class=\"vce-faq-toggle vce-faq-toggle-color--b-255-255-255 vce-faq-toggle-shape-color--b-184-46-36 vce-faq-toggle-shape--rounded\"><div class=\"vce-faq-toggle-wrapper vce\" id=\"el-9d3864cd\" data-vce-do-apply=\"margin padding border background  el-9d3864cd\"><div class=\"vce-faq-toggle-inner\"><div class=\"vce-faq-toggle-title\"><h6 class=\"vce-faq-toggle-title-text\" aria-controls=\"faqToggle-9d3864cd\" aria-expanded=\"false\"><i class=\"vce-faq-toggle-icon\"><\/i>Madrid entra en la guerra de los microchips: Ayuso firma con IBM un acuerdo para crear centros de desarrollo en la capital (17 de octubre 2023)<\/h6><\/div><div class=\"vce-faq-toggle-text-block\" role=\"region\" id=\"faqToggle-9d3864cd\"><p><span style=\"font-size: 10pt;\">La Comunidad y el gigante tecnol\u00f3gico se centran en poner en marcha nuevos semiconductores sostenibles.<\/span><\/p><\/div><\/div><\/div><\/div><\/div><\/div><\/div><div class=\"vce-col vce-col--md-auto vce-col--xs-1 vce-col--xs-last vce-col--xs-first vce-col--sm-last vce-col--sm-first vce-col--md-last vce-col--lg-last vce-col--xl-last\" id=\"el-ac98dc46\"><div class=\"vce-col-inner\" data-vce-do-apply=\"border margin background  el-ac98dc46\"><div class=\"vce-col-content\" data-vce-element-content=\"true\" data-vce-do-apply=\"padding el-ac98dc46\"><div class=\"vce-faq-toggle vce-faq-toggle-color--fff vce-faq-toggle-shape-color--b-184-46-36 vce-faq-toggle-shape--rounded\"><div class=\"vce-faq-toggle-wrapper vce\" id=\"el-9b4ad81a\" data-vce-do-apply=\"margin padding border background  el-9b4ad81a\"><div class=\"vce-faq-toggle-inner\"><div class=\"vce-faq-toggle-title\"><h6 class=\"vce-faq-toggle-title-text\" aria-controls=\"faqToggle-9b4ad81a\" aria-expanded=\"false\"><i class=\"vce-faq-toggle-icon\"><\/i>Primera reuni\u00f3n del Cluster de Semiconductores de la Comunidad de Madrid (13 de enero 2023)<\/h6><\/div><div class=\"vce-faq-toggle-text-block\" role=\"region\" id=\"faqToggle-9b4ad81a\"><p style=\"text-align: justify;\"><span style=\"font-size: 10pt;\">El 13 de enero tuvo lugar la primera reuni\u00f3n de trabajo del Cl\u00faster de Innovaci\u00f3n Tecnol\u00f3gica y Talento en Semiconductores de la Comunidad de Madrid.<\/span><\/p><\/div><\/div><\/div><\/div><\/div><\/div><\/div><\/div><\/div><\/div>","protected":false},"excerpt":{"rendered":"<p>Haz clic en las im\u00e1genes para ampliar la informaci\u00f3nLitograf\u00eda, el arte invisible que define el futuro de los chipstalento especializado: clave para el futuro de los semiconductores\ud83d\udd39 La litograf\u00eda: el coraz\u00f3n invisible de la soberan\u00eda tecnol\u00f3gica europea \ud83d\udd39\ud83d\udce2 Compartimos con mucho inter\u00e9s el art\u00edculo \u201cLitograf\u00eda, el arte invisible que define el futuro de los chips\u201d de Ignacio M\u00e1rtil de la Plaza, Catedr\u00e1tico de electr\u00f3nica en la Universidad Complutense de Madrid, una reflexi\u00f3n imprescindible para comprender d\u00f3nde se juega realmente el futuro de la industria de los semiconductores.\ud83d\udca1 Cuando hablamos de chips, solemos pensar en dise\u00f1o, fabricaci\u00f3n o aplicaciones finales, pero\u2026<\/p>\n","protected":false},"author":3,"featured_media":0,"parent":0,"menu_order":0,"comment_status":"closed","ping_status":"closed","template":"","meta":{"pmpro_default_level":0,"passster_activate_protection":false,"passster_protect_child_pages":"","passster_protection_type":"password","passster_password":"","passster_activate_overwrite_defaults":"","passster_headline":"","passster_instruction":"","passster_placeholder":"","passster_button":"","passster_id":"","passster_activate_misc_settings":"","passster_redirect_url":"","passster_hide":"no","passster_area_shortcode":"","_mc_calendar":[],"footnotes":""},"class_list":["post-162","page","type-page","status-publish","hentry","pmpro-has-access"],"blocksy_meta":"","acf":[],"_links":{"self":[{"href":"https:\/\/citt-semiconductores.madrimasd.org\/index.php\/wp-json\/wp\/v2\/pages\/162","targetHints":{"allow":["GET"]}}],"collection":[{"href":"https:\/\/citt-semiconductores.madrimasd.org\/index.php\/wp-json\/wp\/v2\/pages"}],"about":[{"href":"https:\/\/citt-semiconductores.madrimasd.org\/index.php\/wp-json\/wp\/v2\/types\/page"}],"author":[{"embeddable":true,"href":"https:\/\/citt-semiconductores.madrimasd.org\/index.php\/wp-json\/wp\/v2\/users\/3"}],"replies":[{"embeddable":true,"href":"https:\/\/citt-semiconductores.madrimasd.org\/index.php\/wp-json\/wp\/v2\/comments?post=162"}],"version-history":[{"count":84,"href":"https:\/\/citt-semiconductores.madrimasd.org\/index.php\/wp-json\/wp\/v2\/pages\/162\/revisions"}],"predecessor-version":[{"id":2711,"href":"https:\/\/citt-semiconductores.madrimasd.org\/index.php\/wp-json\/wp\/v2\/pages\/162\/revisions\/2711"}],"wp:attachment":[{"href":"https:\/\/citt-semiconductores.madrimasd.org\/index.php\/wp-json\/wp\/v2\/media?parent=162"}],"curies":[{"name":"wp","href":"https:\/\/api.w.org\/{rel}","templated":true}]}}